{"id":9523,"date":"2021-06-07T15:38:16","date_gmt":"2021-06-07T13:38:16","guid":{"rendered":"https:\/\/mostazacomunicacion.com\/en\/blog\/"},"modified":"2022-09-23T14:41:34","modified_gmt":"2022-09-23T12:41:34","slug":"blog","status":"publish","type":"page","link":"https:\/\/mostazacomunicacion.com\/en\/blog\/","title":{"rendered":"Blog"},"content":{"rendered":"<div  class=\"tatsu-HybWhZjo5O tatsu-section  tatsu-bg-overlay   tatsu-clearfix\" data-title=\"\"  data-headerscheme=\"background--dark\"><div class='tatsu-section-pad clearfix' data-padding='{\"d\":\"240px 0px 90px 0px\"}' data-padding-top='240px'><div class=\"tatsu-row-wrap  tatsu-wrap tatsu-row-has-two-cols tatsu-small-gutter tatsu-eq-cols  tatsu-clearfix tatsu-SJgw50q39u\" ><div  class=\"tatsu-row \" ><div  class=\"tatsu-column  tatsu-bg-overlay tatsu-two-third tatsu-column-align-middle tatsu-column-image-none tatsu-column-effect-none  tatsu-By4s05h9d\"  data-parallax-speed=\"0\" style=\"\"><div class=\"tatsu-column-inner \" ><div class=\"tatsu-column-pad-wrap\"><div class=\"tatsu-column-pad\" ><div  class=\"tatsu-module tatsu-animated-heading-wrap anime_slide_cursor  tatsu-SyPPQjs9_   \"  data-anime-type=\"anime_slide_cursor\" data-anime-duration=\"20\" ><div class=\"tatsu-animated-heading-inner-wrap\" ><h1 class=\"tatsu-animated-heading-inner\">Blog <\/h1><span class=\"tatsu-animated-heading-line tatsu-animated-heading-line2\"><\/span><\/div><style>.tatsu-SyPPQjs9_.tatsu-animated-heading-wrap{text-align: left;}.tatsu-SyPPQjs9_ .tatsu-animated-heading-inner{color: #ffffff ;font-family : \"Montserrat\",-apple-system,BlinkMacSystemFont,'Segoe UI',Roboto,Oxygen-Sans,Ubuntu,Cantarell,'Helvetica Neue',sans-serif;font-weight : 800;font-size : 70px;}.tatsu-SyPPQjs9_ .tatsu-animated-heading-line{background: #dbaa00;}.tatsu-SyPPQjs9_{margin: 0px 0px 30px 0%;}@media only screen and (max-width: 767px) {.tatsu-SyPPQjs9_ .tatsu-animated-heading-inner{font-family : \"Montserrat\",-apple-system,BlinkMacSystemFont,'Segoe UI',Roboto,Oxygen-Sans,Ubuntu,Cantarell,'Helvetica Neue',sans-serif;font-weight : 800;font-size : 34px;}}<\/style><\/div><div  class=\"tatsu-module tatsu-text-block-wrap tatsu-Hy9omio9_  \"><div class=\"tatsu-text-inner tatsu-align-right  clearfix\" ><style>.tatsu-Hy9omio9_.tatsu-text-block-wrap .tatsu-text-inner{width: 90%;text-align: left;color: rgba(255,255,255,1) ;}.tatsu-Hy9omio9_ .tatsu-text-inner *{color: rgba(255,255,255,1) ;}.tatsu-Hy9omio9_.tatsu-text-block-wrap .tatsu-text-inner *{font-family : \"Montserrat\",-apple-system,BlinkMacSystemFont,'Segoe UI',Roboto,Oxygen-Sans,Ubuntu,Cantarell,'Helvetica Neue',sans-serif;font-weight : 400;text-transform : none;font-size : 18px;line-height : 30px;}@media only screen and (max-width: 767px) {.tatsu-Hy9omio9_.tatsu-text-block-wrap .tatsu-text-inner{width: 100%;padding: 0px 0px 30px 0px;}.tatsu-Hy9omio9_.tatsu-text-block-wrap .tatsu-text-inner *{font-family : \"Montserrat\",-apple-system,BlinkMacSystemFont,'Segoe UI',Roboto,Oxygen-Sans,Ubuntu,Cantarell,'Helvetica Neue',sans-serif;font-weight : 400;text-transform : none;font-size : 14px;line-height : 26px;}}<\/style>\n<p>We love sharing our thoughts on current trends, internal communication and organisational transformation. Read our articles and find out all you need to know about using communication to drive change in your company.<\/p>\n<\/div><\/div><\/div><\/div><div class = \"tatsu-column-bg-image-wrap\"><div class = \"tatsu-column-bg-image\" ><\/div><\/div><div class=\"tatsu-overlay tatsu-column-overlay tatsu-animate-none\" ><\/div><\/div><style>.tatsu-row > .tatsu-By4s05h9d.tatsu-column{width: 66.67%;}.tatsu-By4s05h9d.tatsu-column > .tatsu-column-inner > .tatsu-column-overlay{mix-blend-mode: normal;}.tatsu-By4s05h9d > .tatsu-column-inner > .tatsu-top-divider{z-index: 9999;}.tatsu-By4s05h9d > .tatsu-column-inner > .tatsu-bottom-divider{z-index: 9999;}.tatsu-By4s05h9d > .tatsu-column-inner > .tatsu-left-divider{z-index: 9999;}.tatsu-By4s05h9d > .tatsu-column-inner > .tatsu-right-divider{z-index: 9999;}@media only screen and (max-width:1377px) {.tatsu-row > .tatsu-By4s05h9d.tatsu-column{width: 66.67%;}}@media only screen and (min-width:768px) and (max-width: 1024px) {.tatsu-row > .tatsu-By4s05h9d.tatsu-column{width: 66.67%;}}@media only screen and (max-width: 767px) {.tatsu-row > .tatsu-By4s05h9d.tatsu-column{width: 100%;}}<\/style><\/div><div  class=\"tatsu-column  tatsu-bg-overlay tatsu-one-third tatsu-column-image-none tatsu-column-effect-none  tatsu-HJx4sAq29O\"  data-parallax-speed=\"0\" style=\"\"><div class=\"tatsu-column-inner \" ><div class=\"tatsu-column-pad-wrap\"><div class=\"tatsu-column-pad\" >            <div  class = \"tatsu-interactive-box tatsu-module  tatsu-ryDWnWaqd tatsu-interactive-box-transform tatsu-interactive-box-align-center tatsu-interactive-box-overlay\" >\n                <style>.tatsu-ryDWnWaqd .tatsu-interactive-box-title{color: #ffffff ;}.tatsu-ryDWnWaqd:hover .tatsu-interactive-box-title{color: #222222 ;}.tatsu-ryDWnWaqd .tatsu-interactive-box-icon svg{width: 77px;height: 77px;color: #dbaa00 ;}.tatsu-ryDWnWaqd:hover .tatsu-interactive-box-icon-content{transform: translateY(-97px);}.tatsu-ryDWnWaqd .tatsu-interactive-box-arrow{height: 77px;}.tatsu-ryDWnWaqd.tatsu-interactive-box{border-radius: 4px;box-shadow: 0 1px 6px 0 rgba(0,0,0,0.1);}.tatsu-ryDWnWaqd .tatsu-interactive-box-content{color: #222222 ;}.tatsu-ryDWnWaqd:hover .tatsu-interactive-box-content{color: #ffffff ;}.tatsu-ryDWnWaqd.tatsu-interactive-box-transform::after{background: #dbaa00;}.tatsu-ryDWnWaqd .tatsu-interactive-box-arrow svg{stroke: #fff;}.tatsu-ryDWnWaqd{margin: 0 0 0px 0;}<\/style>                                    <a class = \"tatsu-interactive-box-link\"  href = \"https:\/\/mostazacomunicacion.com\/en\/mostalk\/\">\n                    <\/a>\n                                                                                                        <div class = \"tatsu-interactive-box-inner\">\n                        <div class = \"tatsu-interactive-box-icon-content\">\n                                                            <div class = \"tatsu-interactive-box-icon tatsu-line-animate\">\n                                    <?xml version=\"1.0\" encoding=\"utf-8\"?>\r\n<!-- Generator: Adobe Illustrator 16.0.0, SVG Export Plug-In . SVG Version: 6.00 Build 0)  -->\r\n<!DOCTYPE svg PUBLIC \"-\/\/W3C\/\/DTD SVG 1.1\/\/EN\" \"http:\/\/www.w3.org\/Graphics\/SVG\/1.1\/DTD\/svg11.dtd\">\r\n<svg version=\"1.1\" id=\"Layer_1\" xmlns=\"http:\/\/www.w3.org\/2000\/svg\" xmlns:xlink=\"http:\/\/www.w3.org\/1999\/xlink\" x=\"0px\" y=\"0px\"\r\n\t width=\"64px\" height=\"64px\" viewBox=\"0 0 64 64\" enable-background=\"new 0 0 64 64\" xml:space=\"preserve\">\r\n<rect x=\"1\" y=\"11\" fill=\"none\" stroke=\"#000000\" stroke-width=\"2\" stroke-miterlimit=\"10\" width=\"62\" height=\"42\"\/>\r\n<circle fill=\"none\" stroke=\"#000000\" stroke-width=\"2\" stroke-miterlimit=\"10\" cx=\"16\" cy=\"31\" r=\"6\"\/>\r\n<circle fill=\"none\" stroke=\"#000000\" stroke-width=\"2\" stroke-miterlimit=\"10\" cx=\"48\" cy=\"31\" r=\"6\"\/>\r\n<polyline fill=\"none\" stroke=\"#000000\" stroke-width=\"2\" stroke-miterlimit=\"10\" points=\"57,53 54,43 32,43 10,43 7,53 \"\/>\r\n<rect x=\"5\" y=\"15\" fill=\"none\" stroke=\"#000000\" stroke-width=\"2\" stroke-miterlimit=\"10\" width=\"55\" height=\"4\"\/>\r\n<rect x=\"26\" y=\"28\" fill=\"none\" stroke=\"#000000\" stroke-width=\"2\" stroke-miterlimit=\"10\" width=\"12\" height=\"6\"\/>\r\n<\/svg>\r\n                                <\/div>\n                                                        <div class = \"tatsu-interactive-box-title h3\">\n                                mostalk                            <\/div>\n                            <div class = \"tatsu-interactive-box-content\">\n                                \n<p>Di\u00e1logos, reflexiones, novedades&#8230;<br \/>\nY por supuesto complicidades<\/p>\n                            <\/div>\n                        <\/div>\n                        <div class = \"tatsu-interactive-box-arrow\">\n                            <svg xmlns=\"http:\/\/www.w3.org\/2000\/svg\" viewBox=\"0 0 43 29\">\n                                <g fill=\"none\" stroke-linecap=\"round\" stroke-width=\"3\" transform=\"translate(2 2)\">\n                                    <path d=\"M0.106550075,12.6101838 L38.2937419,12.6101838\"\/>\n                                    <polyline stroke-linejoin=\"round\" points=\"27.042 0 39.31 12.581 27.042 25.161\"\/>\n                                <\/g>\n                            <\/svg>\n                        <\/div>\n                    <\/div>\n                            <\/div>\n        <\/div><\/div><div class = \"tatsu-column-bg-image-wrap\"><div class = \"tatsu-column-bg-image\" ><\/div><\/div><div class=\"tatsu-overlay tatsu-column-overlay tatsu-animate-none\" ><\/div><\/div><style>.tatsu-row > .tatsu-HJx4sAq29O.tatsu-column{width: 33.33%;}.tatsu-HJx4sAq29O.tatsu-column > .tatsu-column-inner{background-color: #222222;border-width: 2px 2px 2px 2px;border-color: #222222; border-radius: 10px;}.tatsu-HJx4sAq29O.tatsu-column > .tatsu-column-inner > .tatsu-column-pad-wrap > .tatsu-column-pad{padding: 0% 0px 0px 0px;}.tatsu-HJx4sAq29O.tatsu-column > .tatsu-column-inner > .tatsu-column-overlay{mix-blend-mode: normal;}.tatsu-HJx4sAq29O > .tatsu-column-inner > .tatsu-top-divider{z-index: 9999;}.tatsu-HJx4sAq29O > .tatsu-column-inner > .tatsu-bottom-divider{z-index: 9999;}.tatsu-HJx4sAq29O > .tatsu-column-inner > .tatsu-left-divider{z-index: 9999;}.tatsu-HJx4sAq29O > .tatsu-column-inner > .tatsu-right-divider{z-index: 9999;}.tatsu-HJx4sAq29O.tatsu-column > .tatsu-column-inner > .tatsu-column-bg-image-wrap > .tatsu-column-bg-image{border-radius: 10px;}@media only screen and (max-width:1377px) {.tatsu-row > .tatsu-HJx4sAq29O.tatsu-column{width: 33.33%;}}@media only screen and (min-width:768px) and (max-width: 1024px) {.tatsu-row > .tatsu-HJx4sAq29O.tatsu-column{width: 33.33%;}}@media only screen and (max-width: 767px) {.tatsu-row > .tatsu-HJx4sAq29O.tatsu-column{width: 100%;}}<\/style><\/div><\/div><\/div><div class=\"tatsu-row-wrap  tatsu-wrap tatsu-row-one-col tatsu-row-has-one-cols tatsu-medium-gutter tatsu-reg-cols  tatsu-clearfix tatsu-SJ9_ccnqd\" ><style>@media only screen and (max-width: 767px) {.tatsu-SJ9_ccnqd > .tatsu-row{margin-top: 30px;}.tatsu-SJ9_ccnqd.tatsu-row-wrap > .tatsu-row{margin-bottom: 0px;}}<\/style><div  class=\"tatsu-row \" ><div  class=\"tatsu-column  tatsu-bg-overlay tatsu-one-col tatsu-column-image-none tatsu-column-effect-none  tatsu-rylquc92cO\"  data-parallax-speed=\"0\" style=\"\"><div class=\"tatsu-column-inner \" ><div class=\"tatsu-column-pad-wrap\"><div class=\"tatsu-column-pad\" ><div  class=\"portfolio-all-wrap  tatsu-HkE5_59hcu tatsu-module\"  ><div class=\"portfolio full-screen full-screen-gutter style2-gutter three-col \" data-gutter-width=\"20\" style=\"margin-left: -20px;\" data-col=\"three\"   ><div class=\"style3-blog portfolio-container clickable clearfix\">\t\n<article id=\"post-13488\" class=\"element not-wide blog-post clearfix post-13488 post type-post status-publish format-standard has-post-thumbnail hentry category-comunicacion category-comunicacion-interna category-cultura-de-empresa category-reflexiones category-transformacion element not-wide\" style=\"margin-bottom: 20px !important;\">\n\t<div class=\"element-inner\" style=\"margin-left:20px\">\n\t\t<div class=\"post-content-wrap\">\n\t\t\t<div class=\"post-thumb\">\t\n\t<div class=\"\">        \t\n\t\t<a href=\"https:\/\/mostazacomunicacion.com\/en\/respetar-los-horarios-y-mejorar-la-puntualidad-son-medidas-de-bienestar\/\" class=\" thumb-wrap\">\n\t\t\t<img loading=\"lazy\" decoding=\"async\" width=\"771\" height=\"469\" src=\"https:\/\/mostazacomunicacion.com\/wp-content\/uploads\/2026\/04\/img_MarPorras.png\" class=\"attachment-blog-image size-blog-image wp-post-image\" alt=\"\" srcset=\"https:\/\/mostazacomunicacion.com\/wp-content\/uploads\/2026\/04\/img_MarPorras.png 771w, https:\/\/mostazacomunicacion.com\/wp-content\/uploads\/2026\/04\/img_MarPorras-300x182.png 300w, https:\/\/mostazacomunicacion.com\/wp-content\/uploads\/2026\/04\/img_MarPorras-768x467.png 768w, https:\/\/mostazacomunicacion.com\/wp-content\/uploads\/2026\/04\/img_MarPorras-82x50.png 82w, https:\/\/mostazacomunicacion.com\/wp-content\/uploads\/2026\/04\/img_MarPorras-650x395.png 650w, https:\/\/mostazacomunicacion.com\/wp-content\/uploads\/2026\/04\/img_MarPorras-50x30.png 50w\" sizes=\"auto, (max-width: 771px) 100vw, 771px\" \/>\t\t\t<div class=\"thumb-overlay\">\n\t\t\t\t<div class=\"thumb-bg\">\n\t\t\t\t\t<div class=\"thumb-title fadeIn animated\">\n\t\t\t\t\t\t<i class=\"portfolio-ovelay-icon\"><\/i>\n\t\t\t\t\t<\/div>\n\t\t\t\t<\/div>\n\t\t\t<\/div>\n\t\t<\/a>\n\t<\/div>\t\t\t\n<\/div>\n\t\t\t<div class=\"article-details clearfix\">\n\t\t\t\t<header class=\"post-header clearfix\">\n\t\t\t\t\t<h2 class=\"post-title\"><a href=\"https:\/\/mostazacomunicacion.com\/en\/respetar-los-horarios-y-mejorar-la-puntualidad-son-medidas-de-bienestar\/\">\u00abRespetar los horarios y mejorar la puntualidad son medidas de bienestar\u00bb<\/a><\/h2>\t\t\t\t<\/header>\n\t\t\t\t\t\t\t\t\t<div class=\"post-top-details clearfix\"><nav class=\"post-nav meta-font secondary_text\">\n\t<ul class=\"clearfix\">\n\t\t<li class=\"post-meta post-comments\">\n\t\t\t<a href=\"https:\/\/mostazacomunicacion.com\/en\/respetar-los-horarios-y-mejorar-la-puntualidad-son-medidas-de-bienestar\/#respond\">0  comments<\/a><span class=\"post-meta-sep\">\/<\/span>\n\t\t<\/li>\n\t\t<li class=\"post-meta\">30 April, 2026<\/li>\n\t<\/ul>\n<\/nav><\/div>\n\t\t\t\t\t<div class=\"post-details clearfix\">\n\t\t\t\t\t\t<div class=\"post-content clearfix\">\n\t\t\t\t\t\t\t<p>Hoy conversamos con Mar\u00eda Izquierdo Pulido, Catedr\u00e1tica de Nutrici\u00f3n en la Universidad de Barcelona, con m\u00e1s de tres d\u00e9cadas de experiencia en docencia e investigaci\u00f3n. Su trayectoria se ha centrado especialmente en \u00e1reas como la crononutrici\u00f3n \u2013la relaci\u00f3n entre la alimentaci\u00f3n y los ritmos biol\u00f3gicos- y la nutrici\u00f3n de precisi\u00f3n: ha liderado proyectos de investigaci\u00f3n en el \u00e1mbito de la nutrici\u00f3n, ha colaborado con instituciones internacionales y ha desempe\u00f1ado diversos cargos de responsabilidad acad\u00e9mica y de gesti\u00f3n en la Universidad de Barcelona.<\/p>\n<p><a href=\"https:\/\/mostazacomunicacion.com\/en\/respetar-los-horarios-y-mejorar-la-puntualidad-son-medidas-de-bienestar\/\" class=\"more-link style1-button\">Read More<\/a><\/p>\t\t\t\t\t\t<\/div>\n\t\t\t\t\t<\/div>\n\t\t\t\t\t\t\t\t<div class=\"post-bottom-details clearfix\"><nav class=\"post-nav meta-font secondary_text\">\n\t<ul class=\"clearfix\">\t\n\t\t<li class=\"post-meta post-category\">Under :<a href=\"https:\/\/mostazacomunicacion.com\/category\/comunicacion\/\" style= \"color: ;\" data-background-color = \"\" title=\"View all posts in Comunicaci\u00f3n\"> Comunicaci\u00f3n<\/a>, <a href=\"https:\/\/mostazacomunicacion.com\/category\/comunicacion-interna\/\" style= \"color: ;\" data-background-color = \"\" title=\"View all posts in comunicaci\u00f3n interna\"> comunicaci\u00f3n interna<\/a>, <a href=\"https:\/\/mostazacomunicacion.com\/category\/cultura-de-empresa\/\" style= \"color: ;\" data-background-color = \"\" title=\"View all posts in Cultura de Empresa\"> Cultura de Empresa<\/a>, <a href=\"https:\/\/mostazacomunicacion.com\/category\/reflexiones\/\" style= \"color: ;\" data-background-color = \"\" title=\"View all posts in Reflexiones\"> Reflexiones<\/a>, <a href=\"https:\/\/mostazacomunicacion.com\/category\/transformacion\/\" style= \"color: ;\" data-background-color = \"\" title=\"View all posts in Transformaci\u00f3n\"> Transformaci\u00f3n<\/a><\/li>\n\t<\/ul>\n<\/nav><\/div>\n\t\t\t<\/div>\n\t\t\t<div class=\"clearfix\"><\/div>\n\t\t<\/div>\n\t<\/div>\n<\/article>\n\t\n<article id=\"post-13431\" class=\"element not-wide blog-post clearfix post-13431 post type-post status-publish format-standard has-post-thumbnail hentry category-ai category-comunicacion category-comunicacion-interna category-cultura-de-empresa category-transformacion element not-wide\" style=\"margin-bottom: 20px !important;\">\n\t<div class=\"element-inner\" style=\"margin-left:20px\">\n\t\t<div class=\"post-content-wrap\">\n\t\t\t<div class=\"post-thumb\">\t\n\t<div class=\"\">        \t\n\t\t<a href=\"https:\/\/mostazacomunicacion.com\/en\/2026-el-ano-en-que-la-tecnologia-nos-devolvio-la-conversacion\/\" class=\" thumb-wrap\">\n\t\t\t<img loading=\"lazy\" decoding=\"async\" width=\"1160\" height=\"700\" src=\"https:\/\/mostazacomunicacion.com\/wp-content\/uploads\/2026\/02\/portada-1160x700.png\" class=\"attachment-blog-image size-blog-image wp-post-image\" alt=\"\" srcset=\"https:\/\/mostazacomunicacion.com\/wp-content\/uploads\/2026\/02\/portada-1160x700.png 1160w, https:\/\/mostazacomunicacion.com\/wp-content\/uploads\/2026\/02\/portada-82x50.png 82w, https:\/\/mostazacomunicacion.com\/wp-content\/uploads\/2026\/02\/portada-50x31.png 50w\" sizes=\"auto, (max-width: 1160px) 100vw, 1160px\" \/>\t\t\t<div class=\"thumb-overlay\">\n\t\t\t\t<div class=\"thumb-bg\">\n\t\t\t\t\t<div class=\"thumb-title fadeIn animated\">\n\t\t\t\t\t\t<i class=\"portfolio-ovelay-icon\"><\/i>\n\t\t\t\t\t<\/div>\n\t\t\t\t<\/div>\n\t\t\t<\/div>\n\t\t<\/a>\n\t<\/div>\t\t\t\n<\/div>\n\t\t\t<div class=\"article-details clearfix\">\n\t\t\t\t<header class=\"post-header clearfix\">\n\t\t\t\t\t<h2 class=\"post-title\"><a href=\"https:\/\/mostazacomunicacion.com\/en\/2026-el-ano-en-que-la-tecnologia-nos-devolvio-la-conversacion\/\">2026: el a\u00f1o en que la tecnolog\u00eda nos devolvi\u00f3 la conversaci\u00f3n<\/a><\/h2>\t\t\t\t<\/header>\n\t\t\t\t\t\t\t\t\t<div class=\"post-top-details clearfix\"><nav class=\"post-nav meta-font secondary_text\">\n\t<ul class=\"clearfix\">\n\t\t<li class=\"post-meta post-comments\">\n\t\t\t<a href=\"https:\/\/mostazacomunicacion.com\/en\/2026-el-ano-en-que-la-tecnologia-nos-devolvio-la-conversacion\/#respond\">0  comments<\/a><span class=\"post-meta-sep\">\/<\/span>\n\t\t<\/li>\n\t\t<li class=\"post-meta\">18 February, 2026<\/li>\n\t<\/ul>\n<\/nav><\/div>\n\t\t\t\t\t<div class=\"post-details clearfix\">\n\t\t\t\t\t\t<div class=\"post-content clearfix\">\n\t\t\t\t\t\t\t<p>En 2026, la comunicaci\u00f3n interna nos recuerda una verdad que muchas organizaciones experimentan en su d\u00eda a d\u00eda: puedes desplegar una intranet de \u00faltima generaci\u00f3n, una newsletter impecable o aplicaciones siempre disponibles y, aun as\u00ed, percibir que parte del equipo siente que esos mensajes no les interpela. <\/p>\n<p><a href=\"https:\/\/mostazacomunicacion.com\/en\/2026-el-ano-en-que-la-tecnologia-nos-devolvio-la-conversacion\/\" class=\"more-link style1-button\">Read More<\/a><\/p>\t\t\t\t\t\t<\/div>\n\t\t\t\t\t<\/div>\n\t\t\t\t\t\t\t\t<div class=\"post-bottom-details clearfix\"><nav class=\"post-nav meta-font secondary_text\">\n\t<ul class=\"clearfix\">\t\n\t\t<li class=\"post-meta post-category\">Under :<a href=\"https:\/\/mostazacomunicacion.com\/category\/ai\/\" style= \"color: ;\" data-background-color = \"\" title=\"View all posts in AI\"> AI<\/a>, <a href=\"https:\/\/mostazacomunicacion.com\/category\/comunicacion\/\" style= \"color: ;\" data-background-color = \"\" title=\"View all posts in Comunicaci\u00f3n\"> Comunicaci\u00f3n<\/a>, <a href=\"https:\/\/mostazacomunicacion.com\/category\/comunicacion-interna\/\" style= \"color: ;\" data-background-color = \"\" title=\"View all posts in comunicaci\u00f3n interna\"> comunicaci\u00f3n interna<\/a>, <a href=\"https:\/\/mostazacomunicacion.com\/category\/cultura-de-empresa\/\" style= \"color: ;\" data-background-color = \"\" title=\"View all posts in Cultura de Empresa\"> Cultura de Empresa<\/a>, <a href=\"https:\/\/mostazacomunicacion.com\/category\/transformacion\/\" style= \"color: ;\" data-background-color = \"\" title=\"View all posts in Transformaci\u00f3n\"> Transformaci\u00f3n<\/a><\/li>\n\t<\/ul>\n<\/nav><\/div>\n\t\t\t<\/div>\n\t\t\t<div class=\"clearfix\"><\/div>\n\t\t<\/div>\n\t<\/div>\n<\/article>\n\t\n<article id=\"post-13365\" class=\"element not-wide blog-post clearfix post-13365 post type-post status-publish format-standard has-post-thumbnail hentry category-business category-comunicacion-interna category-descarga category-sin-categoria element not-wide\" style=\"margin-bottom: 20px !important;\">\n\t<div class=\"element-inner\" style=\"margin-left:20px\">\n\t\t<div class=\"post-content-wrap\">\n\t\t\t<div class=\"post-thumb\">\t\n\t<div class=\"\">        \t\n\t\t<a href=\"https:\/\/mostazacomunicacion.com\/en\/quieres-conocer-los-resultados-de-nuestra-encuesta-anual\/\" class=\" thumb-wrap\">\n\t\t\t<img loading=\"lazy\" decoding=\"async\" width=\"1160\" height=\"700\" src=\"https:\/\/mostazacomunicacion.com\/wp-content\/uploads\/2026\/02\/img_Encuesta26-1160x700.webp\" class=\"attachment-blog-image size-blog-image wp-post-image\" alt=\"\" \/>\t\t\t<div class=\"thumb-overlay\">\n\t\t\t\t<div class=\"thumb-bg\">\n\t\t\t\t\t<div class=\"thumb-title fadeIn animated\">\n\t\t\t\t\t\t<i class=\"portfolio-ovelay-icon\"><\/i>\n\t\t\t\t\t<\/div>\n\t\t\t\t<\/div>\n\t\t\t<\/div>\n\t\t<\/a>\n\t<\/div>\t\t\t\n<\/div>\n\t\t\t<div class=\"article-details clearfix\">\n\t\t\t\t<header class=\"post-header clearfix\">\n\t\t\t\t\t<h2 class=\"post-title\"><a href=\"https:\/\/mostazacomunicacion.com\/en\/quieres-conocer-los-resultados-de-nuestra-encuesta-anual\/\">\u00bfQuieres conocer los resultados de nuestra encuesta anual?<\/a><\/h2>\t\t\t\t<\/header>\n\t\t\t\t\t\t\t\t\t<div class=\"post-top-details clearfix\"><nav class=\"post-nav meta-font secondary_text\">\n\t<ul class=\"clearfix\">\n\t\t<li class=\"post-meta post-comments\">\n\t\t\t<a href=\"https:\/\/mostazacomunicacion.com\/en\/quieres-conocer-los-resultados-de-nuestra-encuesta-anual\/#respond\">0  comments<\/a><span class=\"post-meta-sep\">\/<\/span>\n\t\t<\/li>\n\t\t<li class=\"post-meta\">11 February, 2026<\/li>\n\t<\/ul>\n<\/nav><\/div>\n\t\t\t\t\t<div class=\"post-details clearfix\">\n\t\t\t\t\t\t<div class=\"post-content clearfix\">\n\t\t\t\t\t\t\t<p><a href=\"https:\/\/mostazacomunicacion.com\/en\/quieres-conocer-los-resultados-de-nuestra-encuesta-anual\/\" class=\"more-link style1-button\">Read More<\/a><\/p>\t\t\t\t\t\t<\/div>\n\t\t\t\t\t<\/div>\n\t\t\t\t\t\t\t\t<div class=\"post-bottom-details clearfix\"><nav class=\"post-nav meta-font secondary_text\">\n\t<ul class=\"clearfix\">\t\n\t\t<li class=\"post-meta post-category\">Under :<a href=\"https:\/\/mostazacomunicacion.com\/category\/business\/\" style= \"color: ;\" data-background-color = \"\" title=\"View all posts in Business\"> Business<\/a>, <a href=\"https:\/\/mostazacomunicacion.com\/category\/comunicacion-interna\/\" style= \"color: ;\" data-background-color = \"\" title=\"View all posts in comunicaci\u00f3n interna\"> comunicaci\u00f3n interna<\/a>, <a href=\"https:\/\/mostazacomunicacion.com\/category\/descarga\/\" style= \"color: ;\" data-background-color = \"\" title=\"View all posts in descarga\"> descarga<\/a>, <a href=\"https:\/\/mostazacomunicacion.com\/category\/sin-categoria\/\" style= \"color: ;\" data-background-color = \"\" title=\"View all posts in Sin categor\u00eda\"> Sin categor\u00eda<\/a><\/li>\n\t<\/ul>\n<\/nav><\/div>\n\t\t\t<\/div>\n\t\t\t<div class=\"clearfix\"><\/div>\n\t\t<\/div>\n\t<\/div>\n<\/article>\n\t\n<article id=\"post-13301\" class=\"element not-wide blog-post clearfix post-13301 post type-post status-publish format-standard has-post-thumbnail hentry category-agency category-business category-comunicacion category-entrevista category-exito-empresarial category-exito-empresarial-2 element not-wide\" style=\"margin-bottom: 20px !important;\">\n\t<div class=\"element-inner\" style=\"margin-left:20px\">\n\t\t<div class=\"post-content-wrap\">\n\t\t\t<div class=\"post-thumb\">\t\n\t<div class=\"\">        \t\n\t\t<a href=\"https:\/\/mostazacomunicacion.com\/en\/la-escucha-activa-esta-demostrando-que-el-clima-y-el-compromiso-impactan-en-la-cuenta-de-resultados\/\" class=\" thumb-wrap\">\n\t\t\t<img loading=\"lazy\" decoding=\"async\" width=\"771\" height=\"469\" src=\"https:\/\/mostazacomunicacion.com\/wp-content\/uploads\/2025\/11\/img_LauraMelero.png\" class=\"attachment-blog-image size-blog-image wp-post-image\" alt=\"Laura Melero\" srcset=\"https:\/\/mostazacomunicacion.com\/wp-content\/uploads\/2025\/11\/img_LauraMelero.png 771w, https:\/\/mostazacomunicacion.com\/wp-content\/uploads\/2025\/11\/img_LauraMelero-300x182.png 300w, https:\/\/mostazacomunicacion.com\/wp-content\/uploads\/2025\/11\/img_LauraMelero-768x467.png 768w, https:\/\/mostazacomunicacion.com\/wp-content\/uploads\/2025\/11\/img_LauraMelero-82x50.png 82w, https:\/\/mostazacomunicacion.com\/wp-content\/uploads\/2025\/11\/img_LauraMelero-650x395.png 650w, https:\/\/mostazacomunicacion.com\/wp-content\/uploads\/2025\/11\/img_LauraMelero-50x30.png 50w\" sizes=\"auto, (max-width: 771px) 100vw, 771px\" \/>\t\t\t<div class=\"thumb-overlay\">\n\t\t\t\t<div class=\"thumb-bg\">\n\t\t\t\t\t<div class=\"thumb-title fadeIn animated\">\n\t\t\t\t\t\t<i class=\"portfolio-ovelay-icon\"><\/i>\n\t\t\t\t\t<\/div>\n\t\t\t\t<\/div>\n\t\t\t<\/div>\n\t\t<\/a>\n\t<\/div>\t\t\t\n<\/div>\n\t\t\t<div class=\"article-details clearfix\">\n\t\t\t\t<header class=\"post-header clearfix\">\n\t\t\t\t\t<h2 class=\"post-title\"><a href=\"https:\/\/mostazacomunicacion.com\/en\/la-escucha-activa-esta-demostrando-que-el-clima-y-el-compromiso-impactan-en-la-cuenta-de-resultados\/\">\u201cLa escucha activa est\u00e1 demostrando que el clima y el compromiso impactan en la cuenta de resultados\u201d<\/a><\/h2>\t\t\t\t<\/header>\n\t\t\t\t\t\t\t\t\t<div class=\"post-top-details clearfix\"><nav class=\"post-nav meta-font secondary_text\">\n\t<ul class=\"clearfix\">\n\t\t<li class=\"post-meta post-comments\">\n\t\t\t<a href=\"https:\/\/mostazacomunicacion.com\/en\/la-escucha-activa-esta-demostrando-que-el-clima-y-el-compromiso-impactan-en-la-cuenta-de-resultados\/#respond\">0  comments<\/a><span class=\"post-meta-sep\">\/<\/span>\n\t\t<\/li>\n\t\t<li class=\"post-meta\">28 November, 2025<\/li>\n\t<\/ul>\n<\/nav><\/div>\n\t\t\t\t\t<div class=\"post-details clearfix\">\n\t\t\t\t\t\t<div class=\"post-content clearfix\">\n\t\t\t\t\t\t\t<p>Laura Melero es gerente en el \u00e1rea de Cultura y Diversidad de CaixaBank, donde lidera el proyecto de \u2018Escucha Viva\u2019, recientemente reconocido con el Premio Cegos por su impacto en la mejora de la experiencia de la persona empleada a trav\u00e9s de la escucha activa.<\/p>\n<p><a href=\"https:\/\/mostazacomunicacion.com\/en\/la-escucha-activa-esta-demostrando-que-el-clima-y-el-compromiso-impactan-en-la-cuenta-de-resultados\/\" class=\"more-link style1-button\">Read More<\/a><\/p>\t\t\t\t\t\t<\/div>\n\t\t\t\t\t<\/div>\n\t\t\t\t\t\t\t\t<div class=\"post-bottom-details clearfix\"><nav class=\"post-nav meta-font secondary_text\">\n\t<ul class=\"clearfix\">\t\n\t\t<li class=\"post-meta post-category\">Under :<a href=\"https:\/\/mostazacomunicacion.com\/category\/agency\/\" style= \"color: ;\" data-background-color = \"\" title=\"View all posts in Agency\"> Agency<\/a>, <a href=\"https:\/\/mostazacomunicacion.com\/category\/business\/\" style= \"color: ;\" data-background-color = \"\" title=\"View all posts in Business\"> Business<\/a>, <a href=\"https:\/\/mostazacomunicacion.com\/category\/comunicacion\/\" style= \"color: ;\" data-background-color = \"\" title=\"View all posts in Comunicaci\u00f3n\"> Comunicaci\u00f3n<\/a>, <a href=\"https:\/\/mostazacomunicacion.com\/category\/entrevista\/\" style= \"color: ;\" data-background-color = \"\" title=\"View all posts in entrevista\"> entrevista<\/a>, <a href=\"https:\/\/mostazacomunicacion.com\/category\/business\/exito-empresarial\/\" style= \"color: ;\" data-background-color = \"\" title=\"View all posts in \u00c9xito empresarial\"> \u00c9xito empresarial<\/a>, <a href=\"https:\/\/mostazacomunicacion.com\/category\/exito-empresarial-2\/\" style= \"color: ;\" data-background-color = \"\" title=\"View all posts in \u00c9xito empresarial\"> \u00c9xito empresarial<\/a><\/li>\n\t<\/ul>\n<\/nav><\/div>\n\t\t\t<\/div>\n\t\t\t<div class=\"clearfix\"><\/div>\n\t\t<\/div>\n\t<\/div>\n<\/article>\n\t\n<article id=\"post-13014\" class=\"element not-wide blog-post clearfix post-13014 post type-post status-publish format-standard has-post-thumbnail hentry category-comunicacion category-comunicacion-interna category-cultura-de-empresa category-transformacion element not-wide\" style=\"margin-bottom: 20px !important;\">\n\t<div class=\"element-inner\" style=\"margin-left:20px\">\n\t\t<div class=\"post-content-wrap\">\n\t\t\t<div class=\"post-thumb\">\t\n\t<div class=\"\">        \t\n\t\t<a href=\"https:\/\/mostazacomunicacion.com\/en\/no-es-opcional-liderar-es-comunicar\/\" class=\" thumb-wrap\">\n\t\t\t<img loading=\"lazy\" decoding=\"async\" width=\"1160\" height=\"700\" src=\"https:\/\/mostazacomunicacion.com\/wp-content\/uploads\/2025\/07\/img_articulo_liderazgo-1160x700.png\" class=\"attachment-blog-image size-blog-image wp-post-image\" alt=\"\" \/>\t\t\t<div class=\"thumb-overlay\">\n\t\t\t\t<div class=\"thumb-bg\">\n\t\t\t\t\t<div class=\"thumb-title fadeIn animated\">\n\t\t\t\t\t\t<i class=\"portfolio-ovelay-icon\"><\/i>\n\t\t\t\t\t<\/div>\n\t\t\t\t<\/div>\n\t\t\t<\/div>\n\t\t<\/a>\n\t<\/div>\t\t\t\n<\/div>\n\t\t\t<div class=\"article-details clearfix\">\n\t\t\t\t<header class=\"post-header clearfix\">\n\t\t\t\t\t<h2 class=\"post-title\"><a href=\"https:\/\/mostazacomunicacion.com\/en\/no-es-opcional-liderar-es-comunicar\/\">No es opcional: liderar es comunicar<\/a><\/h2>\t\t\t\t<\/header>\n\t\t\t\t\t\t\t\t\t<div class=\"post-top-details clearfix\"><nav class=\"post-nav meta-font secondary_text\">\n\t<ul class=\"clearfix\">\n\t\t<li class=\"post-meta post-comments\">\n\t\t\t<a href=\"https:\/\/mostazacomunicacion.com\/en\/no-es-opcional-liderar-es-comunicar\/#respond\">0  comments<\/a><span class=\"post-meta-sep\">\/<\/span>\n\t\t<\/li>\n\t\t<li class=\"post-meta\">22 July, 2025<\/li>\n\t<\/ul>\n<\/nav><\/div>\n\t\t\t\t\t<div class=\"post-details clearfix\">\n\t\t\t\t\t\t<div class=\"post-content clearfix\">\n\t\t\t\t\t\t\t<p>Esta fue una de las grandes conclusiones de los desayunos que organizamos durante el mes de junio en Barcelona y Madrid con responsables de Personas, Talento y Comunicaci\u00f3n Interna de empresas relevantes de distintos sectores.<\/p>\n<p><a href=\"https:\/\/mostazacomunicacion.com\/en\/no-es-opcional-liderar-es-comunicar\/\" class=\"more-link style1-button\">Read More<\/a><\/p>\t\t\t\t\t\t<\/div>\n\t\t\t\t\t<\/div>\n\t\t\t\t\t\t\t\t<div class=\"post-bottom-details clearfix\"><nav class=\"post-nav meta-font secondary_text\">\n\t<ul class=\"clearfix\">\t\n\t\t<li class=\"post-meta post-category\">Under :<a href=\"https:\/\/mostazacomunicacion.com\/category\/comunicacion\/\" style= \"color: ;\" data-background-color = \"\" title=\"View all posts in Comunicaci\u00f3n\"> Comunicaci\u00f3n<\/a>, <a href=\"https:\/\/mostazacomunicacion.com\/category\/comunicacion-interna\/\" style= \"color: ;\" data-background-color = \"\" title=\"View all posts in comunicaci\u00f3n interna\"> comunicaci\u00f3n interna<\/a>, <a href=\"https:\/\/mostazacomunicacion.com\/category\/cultura-de-empresa\/\" style= \"color: ;\" data-background-color = \"\" title=\"View all posts in Cultura de Empresa\"> Cultura de Empresa<\/a>, <a href=\"https:\/\/mostazacomunicacion.com\/category\/transformacion\/\" style= \"color: ;\" data-background-color = \"\" title=\"View all posts in Transformaci\u00f3n\"> Transformaci\u00f3n<\/a><\/li>\n\t<\/ul>\n<\/nav><\/div>\n\t\t\t<\/div>\n\t\t\t<div class=\"clearfix\"><\/div>\n\t\t<\/div>\n\t<\/div>\n<\/article>\n\t\n<article id=\"post-12978\" class=\"element not-wide blog-post clearfix post-12978 post type-post status-publish format-standard has-post-thumbnail hentry category-agency category-business category-comunicacion category-entrevista category-exito-empresarial-2 category-exito-empresarial element not-wide\" style=\"margin-bottom: 20px !important;\">\n\t<div class=\"element-inner\" style=\"margin-left:20px\">\n\t\t<div class=\"post-content-wrap\">\n\t\t\t<div class=\"post-thumb\">\t\n\t<div class=\"\">        \t\n\t\t<a href=\"https:\/\/mostazacomunicacion.com\/en\/la-clave-para-transmitir-la-propuesta-de-valor-es-confiar-y-no-poner-filtros-a-la-voz-de-las-personas\/\" class=\" thumb-wrap\">\n\t\t\t<img loading=\"lazy\" decoding=\"async\" width=\"771\" height=\"469\" src=\"https:\/\/mostazacomunicacion.com\/wp-content\/uploads\/2025\/05\/img_MaiteLegarra.png\" class=\"attachment-blog-image size-blog-image wp-post-image\" alt=\"\" srcset=\"https:\/\/mostazacomunicacion.com\/wp-content\/uploads\/2025\/05\/img_MaiteLegarra.png 771w, https:\/\/mostazacomunicacion.com\/wp-content\/uploads\/2025\/05\/img_MaiteLegarra-300x182.png 300w, https:\/\/mostazacomunicacion.com\/wp-content\/uploads\/2025\/05\/img_MaiteLegarra-768x467.png 768w, https:\/\/mostazacomunicacion.com\/wp-content\/uploads\/2025\/05\/img_MaiteLegarra-82x50.png 82w, https:\/\/mostazacomunicacion.com\/wp-content\/uploads\/2025\/05\/img_MaiteLegarra-650x395.png 650w, https:\/\/mostazacomunicacion.com\/wp-content\/uploads\/2025\/05\/img_MaiteLegarra-50x30.png 50w\" sizes=\"auto, (max-width: 771px) 100vw, 771px\" \/>\t\t\t<div class=\"thumb-overlay\">\n\t\t\t\t<div class=\"thumb-bg\">\n\t\t\t\t\t<div class=\"thumb-title fadeIn animated\">\n\t\t\t\t\t\t<i class=\"portfolio-ovelay-icon\"><\/i>\n\t\t\t\t\t<\/div>\n\t\t\t\t<\/div>\n\t\t\t<\/div>\n\t\t<\/a>\n\t<\/div>\t\t\t\n<\/div>\n\t\t\t<div class=\"article-details clearfix\">\n\t\t\t\t<header class=\"post-header clearfix\">\n\t\t\t\t\t<h2 class=\"post-title\"><a href=\"https:\/\/mostazacomunicacion.com\/en\/la-clave-para-transmitir-la-propuesta-de-valor-es-confiar-y-no-poner-filtros-a-la-voz-de-las-personas\/\">\u201cLa clave para transmitir la propuesta de valor es confiar y no poner filtros a la voz de las personas\u201d<\/a><\/h2>\t\t\t\t<\/header>\n\t\t\t\t\t\t\t\t\t<div class=\"post-top-details clearfix\"><nav class=\"post-nav meta-font secondary_text\">\n\t<ul class=\"clearfix\">\n\t\t<li class=\"post-meta post-comments\">\n\t\t\t<a href=\"https:\/\/mostazacomunicacion.com\/en\/la-clave-para-transmitir-la-propuesta-de-valor-es-confiar-y-no-poner-filtros-a-la-voz-de-las-personas\/#respond\">0  comments<\/a><span class=\"post-meta-sep\">\/<\/span>\n\t\t<\/li>\n\t\t<li class=\"post-meta\">18 June, 2025<\/li>\n\t<\/ul>\n<\/nav><\/div>\n\t\t\t\t\t<div class=\"post-details clearfix\">\n\t\t\t\t\t\t<div class=\"post-content clearfix\">\n\t\t\t\t\t\t\t<p>Maite Legarra es miembro del equipo de Atracci\u00f3n y Desarrollo de Talento de la Corporaci\u00f3n MONDRAGON. Doctora en Emprendimiento, Cooperativismo e Innovaci\u00f3n en Gesti\u00f3n con menci\u00f3n internacional por Mondragon Unibertsitatea, y graduada en Administraci\u00f3n y Direcci\u00f3n de Empresas y MBA con itinerario en investigaci\u00f3n por la misma universidad. Con m\u00e1s de diez a\u00f1os de experiencia en gesti\u00f3n del talento, ha sido coordinadora del M\u00e1ster Universitario en Gesti\u00f3n Estrat\u00e9gica del Talento de las Personas durante los \u00faltimos cinco a\u00f1os que estuvo en la universidad.<\/p>\n<p><a href=\"https:\/\/mostazacomunicacion.com\/en\/la-clave-para-transmitir-la-propuesta-de-valor-es-confiar-y-no-poner-filtros-a-la-voz-de-las-personas\/\" class=\"more-link style1-button\">Read More<\/a><\/p>\t\t\t\t\t\t<\/div>\n\t\t\t\t\t<\/div>\n\t\t\t\t\t\t\t\t<div class=\"post-bottom-details clearfix\"><nav class=\"post-nav meta-font secondary_text\">\n\t<ul class=\"clearfix\">\t\n\t\t<li class=\"post-meta post-category\">Under :<a href=\"https:\/\/mostazacomunicacion.com\/category\/agency\/\" style= \"color: ;\" data-background-color = \"\" title=\"View all posts in Agency\"> Agency<\/a>, <a href=\"https:\/\/mostazacomunicacion.com\/category\/business\/\" style= \"color: ;\" data-background-color = \"\" title=\"View all posts in Business\"> Business<\/a>, <a href=\"https:\/\/mostazacomunicacion.com\/category\/comunicacion\/\" style= \"color: ;\" data-background-color = \"\" title=\"View all posts in Comunicaci\u00f3n\"> Comunicaci\u00f3n<\/a>, <a href=\"https:\/\/mostazacomunicacion.com\/category\/entrevista\/\" style= \"color: ;\" data-background-color = \"\" title=\"View all posts in entrevista\"> entrevista<\/a>, <a href=\"https:\/\/mostazacomunicacion.com\/category\/exito-empresarial-2\/\" style= \"color: ;\" data-background-color = \"\" title=\"View all posts in \u00c9xito empresarial\"> \u00c9xito empresarial<\/a>, <a href=\"https:\/\/mostazacomunicacion.com\/category\/business\/exito-empresarial\/\" style= \"color: ;\" data-background-color = \"\" title=\"View all posts in \u00c9xito empresarial\"> \u00c9xito empresarial<\/a><\/li>\n\t<\/ul>\n<\/nav><\/div>\n\t\t\t<\/div>\n\t\t\t<div class=\"clearfix\"><\/div>\n\t\t<\/div>\n\t<\/div>\n<\/article>\n\t\n<article id=\"post-12946\" class=\"element not-wide blog-post clearfix post-12946 post type-post status-publish format-standard has-post-thumbnail hentry category-agency category-business category-comunicacion category-entrevista category-exito-empresarial category-exito-empresarial-2 element not-wide\" style=\"margin-bottom: 20px !important;\">\n\t<div class=\"element-inner\" style=\"margin-left:20px\">\n\t\t<div class=\"post-content-wrap\">\n\t\t\t<div class=\"post-thumb\">\t\n\t<div class=\"\">        \t\n\t\t<a href=\"https:\/\/mostazacomunicacion.com\/en\/las-empresas-que-construyan-culturas-autenticas-seran-las-que-enamoraran-al-talento\/\" class=\" thumb-wrap\">\n\t\t\t<img loading=\"lazy\" decoding=\"async\" width=\"771\" height=\"469\" src=\"https:\/\/mostazacomunicacion.com\/wp-content\/uploads\/2025\/05\/img_ClaraBoada.png\" class=\"attachment-blog-image size-blog-image wp-post-image\" alt=\"img_ClaraBoada\" srcset=\"https:\/\/mostazacomunicacion.com\/wp-content\/uploads\/2025\/05\/img_ClaraBoada.png 771w, https:\/\/mostazacomunicacion.com\/wp-content\/uploads\/2025\/05\/img_ClaraBoada-300x182.png 300w, https:\/\/mostazacomunicacion.com\/wp-content\/uploads\/2025\/05\/img_ClaraBoada-768x467.png 768w, https:\/\/mostazacomunicacion.com\/wp-content\/uploads\/2025\/05\/img_ClaraBoada-82x50.png 82w, https:\/\/mostazacomunicacion.com\/wp-content\/uploads\/2025\/05\/img_ClaraBoada-650x395.png 650w, https:\/\/mostazacomunicacion.com\/wp-content\/uploads\/2025\/05\/img_ClaraBoada-50x30.png 50w\" sizes=\"auto, (max-width: 771px) 100vw, 771px\" \/>\t\t\t<div class=\"thumb-overlay\">\n\t\t\t\t<div class=\"thumb-bg\">\n\t\t\t\t\t<div class=\"thumb-title fadeIn animated\">\n\t\t\t\t\t\t<i class=\"portfolio-ovelay-icon\"><\/i>\n\t\t\t\t\t<\/div>\n\t\t\t\t<\/div>\n\t\t\t<\/div>\n\t\t<\/a>\n\t<\/div>\t\t\t\n<\/div>\n\t\t\t<div class=\"article-details clearfix\">\n\t\t\t\t<header class=\"post-header clearfix\">\n\t\t\t\t\t<h2 class=\"post-title\"><a href=\"https:\/\/mostazacomunicacion.com\/en\/las-empresas-que-construyan-culturas-autenticas-seran-las-que-enamoraran-al-talento\/\">\u201cLas empresas que construyan culturas aut\u00e9nticas ser\u00e1n las que enamorar\u00e1n al talento\u201d<\/a><\/h2>\t\t\t\t<\/header>\n\t\t\t\t\t\t\t\t\t<div class=\"post-top-details clearfix\"><nav class=\"post-nav meta-font secondary_text\">\n\t<ul class=\"clearfix\">\n\t\t<li class=\"post-meta post-comments\">\n\t\t\t<a href=\"https:\/\/mostazacomunicacion.com\/en\/las-empresas-que-construyan-culturas-autenticas-seran-las-que-enamoraran-al-talento\/#respond\">0  comments<\/a><span class=\"post-meta-sep\">\/<\/span>\n\t\t<\/li>\n\t\t<li class=\"post-meta\">20 May, 2025<\/li>\n\t<\/ul>\n<\/nav><\/div>\n\t\t\t\t\t<div class=\"post-details clearfix\">\n\t\t\t\t\t\t<div class=\"post-content clearfix\">\n\t\t\t\t\t\t\t<p>Clara Boada Aparicio es directora de Cultura y Diversidad de CaixaBank, organizaci\u00f3n de la que forma parte desde 2007. Durante su trayectoria en la entidad, desde el \u00e1mbito de personas, ha liderado las iniciativas de cultura corporativa, diversidad e inclusi\u00f3n y ha impulsado proyectos para mejorar la experiencia de los y las profesionales y construir una marca empleadora de referencia.<\/p>\n<p><a href=\"https:\/\/mostazacomunicacion.com\/en\/las-empresas-que-construyan-culturas-autenticas-seran-las-que-enamoraran-al-talento\/\" class=\"more-link style1-button\">Read More<\/a><\/p>\t\t\t\t\t\t<\/div>\n\t\t\t\t\t<\/div>\n\t\t\t\t\t\t\t\t<div class=\"post-bottom-details clearfix\"><nav class=\"post-nav meta-font secondary_text\">\n\t<ul class=\"clearfix\">\t\n\t\t<li class=\"post-meta post-category\">Under :<a href=\"https:\/\/mostazacomunicacion.com\/category\/agency\/\" style= \"color: ;\" data-background-color = \"\" title=\"View all posts in Agency\"> Agency<\/a>, <a href=\"https:\/\/mostazacomunicacion.com\/category\/business\/\" style= \"color: ;\" data-background-color = \"\" title=\"View all posts in Business\"> Business<\/a>, <a href=\"https:\/\/mostazacomunicacion.com\/category\/comunicacion\/\" style= \"color: ;\" data-background-color = \"\" title=\"View all posts in Comunicaci\u00f3n\"> Comunicaci\u00f3n<\/a>, <a href=\"https:\/\/mostazacomunicacion.com\/category\/entrevista\/\" style= \"color: ;\" data-background-color = \"\" title=\"View all posts in entrevista\"> entrevista<\/a>, <a href=\"https:\/\/mostazacomunicacion.com\/category\/business\/exito-empresarial\/\" style= \"color: ;\" data-background-color = \"\" title=\"View all posts in \u00c9xito empresarial\"> \u00c9xito empresarial<\/a>, <a href=\"https:\/\/mostazacomunicacion.com\/category\/exito-empresarial-2\/\" style= \"color: ;\" data-background-color = \"\" title=\"View all posts in \u00c9xito empresarial\"> \u00c9xito empresarial<\/a><\/li>\n\t<\/ul>\n<\/nav><\/div>\n\t\t\t<\/div>\n\t\t\t<div class=\"clearfix\"><\/div>\n\t\t<\/div>\n\t<\/div>\n<\/article>\n\t\n<article id=\"post-12908\" class=\"element not-wide blog-post clearfix post-12908 post type-post status-publish format-standard has-post-thumbnail hentry category-agency category-business category-comunicacion category-entrevista category-exito-empresarial-2 category-exito-empresarial element not-wide\" style=\"margin-bottom: 20px !important;\">\n\t<div class=\"element-inner\" style=\"margin-left:20px\">\n\t\t<div class=\"post-content-wrap\">\n\t\t\t<div class=\"post-thumb\">\t\n\t<div class=\"\">        \t\n\t\t<a href=\"https:\/\/mostazacomunicacion.com\/en\/la-comunicacion-interna-es-clave-para-que-el-cambio-sea-sostenible\/\" class=\" thumb-wrap\">\n\t\t\t<img loading=\"lazy\" decoding=\"async\" width=\"771\" height=\"469\" src=\"https:\/\/mostazacomunicacion.com\/wp-content\/uploads\/2025\/04\/img_LuisMozo.png\" class=\"attachment-blog-image size-blog-image wp-post-image\" alt=\"\" srcset=\"https:\/\/mostazacomunicacion.com\/wp-content\/uploads\/2025\/04\/img_LuisMozo.png 771w, https:\/\/mostazacomunicacion.com\/wp-content\/uploads\/2025\/04\/img_LuisMozo-300x182.png 300w, https:\/\/mostazacomunicacion.com\/wp-content\/uploads\/2025\/04\/img_LuisMozo-768x467.png 768w, https:\/\/mostazacomunicacion.com\/wp-content\/uploads\/2025\/04\/img_LuisMozo-82x50.png 82w, https:\/\/mostazacomunicacion.com\/wp-content\/uploads\/2025\/04\/img_LuisMozo-650x395.png 650w, https:\/\/mostazacomunicacion.com\/wp-content\/uploads\/2025\/04\/img_LuisMozo-50x30.png 50w\" sizes=\"auto, (max-width: 771px) 100vw, 771px\" \/>\t\t\t<div class=\"thumb-overlay\">\n\t\t\t\t<div class=\"thumb-bg\">\n\t\t\t\t\t<div class=\"thumb-title fadeIn animated\">\n\t\t\t\t\t\t<i class=\"portfolio-ovelay-icon\"><\/i>\n\t\t\t\t\t<\/div>\n\t\t\t\t<\/div>\n\t\t\t<\/div>\n\t\t<\/a>\n\t<\/div>\t\t\t\n<\/div>\n\t\t\t<div class=\"article-details clearfix\">\n\t\t\t\t<header class=\"post-header clearfix\">\n\t\t\t\t\t<h2 class=\"post-title\"><a href=\"https:\/\/mostazacomunicacion.com\/en\/la-comunicacion-interna-es-clave-para-que-el-cambio-sea-sostenible\/\">La comunicaci\u00f3n interna es clave para que el cambio sea sostenible<\/a><\/h2>\t\t\t\t<\/header>\n\t\t\t\t\t\t\t\t\t<div class=\"post-top-details clearfix\"><nav class=\"post-nav meta-font secondary_text\">\n\t<ul class=\"clearfix\">\n\t\t<li class=\"post-meta post-comments\">\n\t\t\t<a href=\"https:\/\/mostazacomunicacion.com\/en\/la-comunicacion-interna-es-clave-para-que-el-cambio-sea-sostenible\/#respond\">0  comments<\/a><span class=\"post-meta-sep\">\/<\/span>\n\t\t<\/li>\n\t\t<li class=\"post-meta\">25 April, 2025<\/li>\n\t<\/ul>\n<\/nav><\/div>\n\t\t\t\t\t<div class=\"post-details clearfix\">\n\t\t\t\t\t\t<div class=\"post-content clearfix\">\n\t\t\t\t\t\t\t<p>Conversamos con Luis Mozo, Managing Partner en Woenco Business Consultants, una firma de consultor\u00eda especializada en mejorar la eficiencia y los resultados de las empresas a trav\u00e9s de la transformaci\u00f3n de sus modelos operativos. Fundada en 2007, Woenco se distingue por su enfoque pr\u00e1ctico y cercano, colaborando estrechamente con empresas de diversos sectores y perfiles para optimizar operaciones y resultados. <\/p>\n<p><a href=\"https:\/\/mostazacomunicacion.com\/en\/la-comunicacion-interna-es-clave-para-que-el-cambio-sea-sostenible\/\" class=\"more-link style1-button\">Read More<\/a><\/p>\t\t\t\t\t\t<\/div>\n\t\t\t\t\t<\/div>\n\t\t\t\t\t\t\t\t<div class=\"post-bottom-details clearfix\"><nav class=\"post-nav meta-font secondary_text\">\n\t<ul class=\"clearfix\">\t\n\t\t<li class=\"post-meta post-category\">Under :<a href=\"https:\/\/mostazacomunicacion.com\/category\/agency\/\" style= \"color: ;\" data-background-color = \"\" title=\"View all posts in Agency\"> Agency<\/a>, <a href=\"https:\/\/mostazacomunicacion.com\/category\/business\/\" style= \"color: ;\" data-background-color = \"\" title=\"View all posts in Business\"> Business<\/a>, <a href=\"https:\/\/mostazacomunicacion.com\/category\/comunicacion\/\" style= \"color: ;\" data-background-color = \"\" title=\"View all posts in Comunicaci\u00f3n\"> Comunicaci\u00f3n<\/a>, <a href=\"https:\/\/mostazacomunicacion.com\/category\/entrevista\/\" style= \"color: ;\" data-background-color = \"\" title=\"View all posts in entrevista\"> entrevista<\/a>, <a href=\"https:\/\/mostazacomunicacion.com\/category\/exito-empresarial-2\/\" style= \"color: ;\" data-background-color = \"\" title=\"View all posts in \u00c9xito empresarial\"> \u00c9xito empresarial<\/a>, <a href=\"https:\/\/mostazacomunicacion.com\/category\/business\/exito-empresarial\/\" style= \"color: ;\" data-background-color = \"\" title=\"View all posts in \u00c9xito empresarial\"> \u00c9xito empresarial<\/a><\/li>\n\t<\/ul>\n<\/nav><\/div>\n\t\t\t<\/div>\n\t\t\t<div class=\"clearfix\"><\/div>\n\t\t<\/div>\n\t<\/div>\n<\/article>\n\t\n<article id=\"post-12867\" class=\"element not-wide blog-post clearfix post-12867 post type-post status-publish format-standard has-post-thumbnail hentry category-agency category-ai category-business category-comunicacion category-comunicacion-interna category-cultura-de-empresa category-design category-entrevista category-exito-empresarial category-exito-empresarial-2 element not-wide\" style=\"margin-bottom: 20px !important;\">\n\t<div class=\"element-inner\" style=\"margin-left:20px\">\n\t\t<div class=\"post-content-wrap\">\n\t\t\t<div class=\"post-thumb\">\t\n\t<div class=\"\">        \t\n\t\t<a href=\"https:\/\/mostazacomunicacion.com\/en\/la-ia-es-una-herramienta-al-servicio-de-la-creatividad-humana\/\" class=\" thumb-wrap\">\n\t\t\t<img loading=\"lazy\" decoding=\"async\" width=\"1160\" height=\"700\" src=\"https:\/\/mostazacomunicacion.com\/wp-content\/uploads\/2025\/04\/3mosqueteros-1160x700.png\" class=\"attachment-blog-image size-blog-image wp-post-image\" alt=\"\" \/>\t\t\t<div class=\"thumb-overlay\">\n\t\t\t\t<div class=\"thumb-bg\">\n\t\t\t\t\t<div class=\"thumb-title fadeIn animated\">\n\t\t\t\t\t\t<i class=\"portfolio-ovelay-icon\"><\/i>\n\t\t\t\t\t<\/div>\n\t\t\t\t<\/div>\n\t\t\t<\/div>\n\t\t<\/a>\n\t<\/div>\t\t\t\n<\/div>\n\t\t\t<div class=\"article-details clearfix\">\n\t\t\t\t<header class=\"post-header clearfix\">\n\t\t\t\t\t<h2 class=\"post-title\"><a href=\"https:\/\/mostazacomunicacion.com\/en\/la-ia-es-una-herramienta-al-servicio-de-la-creatividad-humana\/\">La IA es una herramienta al servicio de la creatividad humana<\/a><\/h2>\t\t\t\t<\/header>\n\t\t\t\t\t\t\t\t\t<div class=\"post-top-details clearfix\"><nav class=\"post-nav meta-font secondary_text\">\n\t<ul class=\"clearfix\">\n\t\t<li class=\"post-meta post-comments\">\n\t\t\t<a href=\"https:\/\/mostazacomunicacion.com\/en\/la-ia-es-una-herramienta-al-servicio-de-la-creatividad-humana\/#respond\">0  comments<\/a><span class=\"post-meta-sep\">\/<\/span>\n\t\t<\/li>\n\t\t<li class=\"post-meta\">3 April, 2025<\/li>\n\t<\/ul>\n<\/nav><\/div>\n\t\t\t\t\t<div class=\"post-details clearfix\">\n\t\t\t\t\t\t<div class=\"post-content clearfix\">\n\t\t\t\t\t\t\t<p>Hablamos con Heidi, Helena e Iban, tres integrantes de Mostaza, sobre el uso de la IA en su trabajo diario. Heidi nos aporta su visi\u00f3n desde la gesti\u00f3n de proyectos; Helena, como directora creativa, sobre la adaptaci\u00f3n de estas herramientas en su equipo, e Iban, en c\u00f3mo le ayuda en sus tareas diarias relacionadas con el dise\u00f1o gr\u00e1fico.<\/p>\n<p><a href=\"https:\/\/mostazacomunicacion.com\/en\/la-ia-es-una-herramienta-al-servicio-de-la-creatividad-humana\/\" class=\"more-link style1-button\">Read More<\/a><\/p>\t\t\t\t\t\t<\/div>\n\t\t\t\t\t<\/div>\n\t\t\t\t\t\t\t\t<div class=\"post-bottom-details clearfix\"><nav class=\"post-nav meta-font secondary_text\">\n\t<ul class=\"clearfix\">\t\n\t\t<li class=\"post-meta post-category\">Under :<a href=\"https:\/\/mostazacomunicacion.com\/category\/agency\/\" style= \"color: ;\" data-background-color = \"\" title=\"View all posts in Agency\"> Agency<\/a>, <a href=\"https:\/\/mostazacomunicacion.com\/category\/ai\/\" style= \"color: ;\" data-background-color = \"\" title=\"View all posts in AI\"> AI<\/a>, <a href=\"https:\/\/mostazacomunicacion.com\/category\/business\/\" style= \"color: ;\" data-background-color = \"\" title=\"View all posts in Business\"> Business<\/a>, <a href=\"https:\/\/mostazacomunicacion.com\/category\/comunicacion\/\" style= \"color: ;\" data-background-color = \"\" title=\"View all posts in Comunicaci\u00f3n\"> Comunicaci\u00f3n<\/a>, <a href=\"https:\/\/mostazacomunicacion.com\/category\/comunicacion-interna\/\" style= \"color: ;\" data-background-color = \"\" title=\"View all posts in comunicaci\u00f3n interna\"> comunicaci\u00f3n interna<\/a>, <a href=\"https:\/\/mostazacomunicacion.com\/category\/cultura-de-empresa\/\" style= \"color: ;\" data-background-color = \"\" title=\"View all posts in Cultura de Empresa\"> Cultura de Empresa<\/a>, <a href=\"https:\/\/mostazacomunicacion.com\/category\/design\/\" style= \"color: ;\" data-background-color = \"\" title=\"View all posts in Design\"> Design<\/a>, <a href=\"https:\/\/mostazacomunicacion.com\/category\/entrevista\/\" style= \"color: ;\" data-background-color = \"\" title=\"View all posts in entrevista\"> entrevista<\/a>, <a href=\"https:\/\/mostazacomunicacion.com\/category\/business\/exito-empresarial\/\" style= \"color: ;\" data-background-color = \"\" title=\"View all posts in \u00c9xito empresarial\"> \u00c9xito empresarial<\/a>, <a href=\"https:\/\/mostazacomunicacion.com\/category\/exito-empresarial-2\/\" style= \"color: ;\" data-background-color = \"\" title=\"View all posts in \u00c9xito empresarial\"> \u00c9xito empresarial<\/a><\/li>\n\t<\/ul>\n<\/nav><\/div>\n\t\t\t<\/div>\n\t\t\t<div class=\"clearfix\"><\/div>\n\t\t<\/div>\n\t<\/div>\n<\/article>\n\t\n<article id=\"post-12739\" class=\"element not-wide blog-post clearfix post-12739 post type-post status-publish format-standard has-post-thumbnail hentry category-agency category-business category-comunicacion category-comunicacion-interna category-cultura-de-empresa category-exito-empresarial-2 category-reflexiones category-transformacion element not-wide\" style=\"margin-bottom: 20px !important;\">\n\t<div class=\"element-inner\" style=\"margin-left:20px\">\n\t\t<div class=\"post-content-wrap\">\n\t\t\t<div class=\"post-thumb\">\t\n\t<div class=\"\">        \t\n\t\t<a href=\"https:\/\/mostazacomunicacion.com\/en\/la-comunicacion-interna-en-2025-tendencias-y-retos\/\" class=\" thumb-wrap\">\n\t\t\t<img loading=\"lazy\" decoding=\"async\" width=\"1160\" height=\"700\" src=\"https:\/\/mostazacomunicacion.com\/wp-content\/uploads\/2025\/03\/img_header_tendencias2025-1160x700.png\" class=\"attachment-blog-image size-blog-image wp-post-image\" alt=\"\" \/>\t\t\t<div class=\"thumb-overlay\">\n\t\t\t\t<div class=\"thumb-bg\">\n\t\t\t\t\t<div class=\"thumb-title fadeIn animated\">\n\t\t\t\t\t\t<i class=\"portfolio-ovelay-icon\"><\/i>\n\t\t\t\t\t<\/div>\n\t\t\t\t<\/div>\n\t\t\t<\/div>\n\t\t<\/a>\n\t<\/div>\t\t\t\n<\/div>\n\t\t\t<div class=\"article-details clearfix\">\n\t\t\t\t<header class=\"post-header clearfix\">\n\t\t\t\t\t<h2 class=\"post-title\"><a href=\"https:\/\/mostazacomunicacion.com\/en\/la-comunicacion-interna-en-2025-tendencias-y-retos\/\">La comunicaci\u00f3n interna en 2025: tendencias y retos<\/a><\/h2>\t\t\t\t<\/header>\n\t\t\t\t\t\t\t\t\t<div class=\"post-top-details clearfix\"><nav class=\"post-nav meta-font secondary_text\">\n\t<ul class=\"clearfix\">\n\t\t<li class=\"post-meta post-comments\">\n\t\t\t<a href=\"https:\/\/mostazacomunicacion.com\/en\/la-comunicacion-interna-en-2025-tendencias-y-retos\/#respond\">0  comments<\/a><span class=\"post-meta-sep\">\/<\/span>\n\t\t<\/li>\n\t\t<li class=\"post-meta\">11 March, 2025<\/li>\n\t<\/ul>\n<\/nav><\/div>\n\t\t\t\t\t<div class=\"post-details clearfix\">\n\t\t\t\t\t\t<div class=\"post-content clearfix\">\n\t\t\t\t\t\t\t<p>Desde hace unos a\u00f1os, en Mostaza Comunicaci\u00f3n nos gusta reflexionar sobre las tendencias en comunicaci\u00f3n interna que pueden tener mayor impacto durante el a\u00f1o que empieza, poniendo foco en la comunicaci\u00f3n para la transformaci\u00f3n. <\/p>\n<p><a href=\"https:\/\/mostazacomunicacion.com\/en\/la-comunicacion-interna-en-2025-tendencias-y-retos\/\" class=\"more-link style1-button\">Read More<\/a><\/p>\t\t\t\t\t\t<\/div>\n\t\t\t\t\t<\/div>\n\t\t\t\t\t\t\t\t<div class=\"post-bottom-details clearfix\"><nav class=\"post-nav meta-font secondary_text\">\n\t<ul class=\"clearfix\">\t\n\t\t<li class=\"post-meta post-category\">Under :<a href=\"https:\/\/mostazacomunicacion.com\/category\/agency\/\" style= \"color: ;\" data-background-color = \"\" title=\"View all posts in Agency\"> Agency<\/a>, <a href=\"https:\/\/mostazacomunicacion.com\/category\/business\/\" style= \"color: ;\" data-background-color = \"\" title=\"View all posts in Business\"> Business<\/a>, <a href=\"https:\/\/mostazacomunicacion.com\/category\/comunicacion\/\" style= \"color: ;\" data-background-color = \"\" title=\"View all posts in Comunicaci\u00f3n\"> Comunicaci\u00f3n<\/a>, <a href=\"https:\/\/mostazacomunicacion.com\/category\/comunicacion-interna\/\" style= \"color: ;\" data-background-color = \"\" title=\"View all posts in comunicaci\u00f3n interna\"> comunicaci\u00f3n interna<\/a>, <a href=\"https:\/\/mostazacomunicacion.com\/category\/cultura-de-empresa\/\" style= \"color: ;\" data-background-color = \"\" title=\"View all posts in Cultura de Empresa\"> Cultura de Empresa<\/a>, <a href=\"https:\/\/mostazacomunicacion.com\/category\/exito-empresarial-2\/\" style= \"color: ;\" data-background-color = \"\" title=\"View all posts in \u00c9xito empresarial\"> \u00c9xito empresarial<\/a>, <a href=\"https:\/\/mostazacomunicacion.com\/category\/reflexiones\/\" style= \"color: ;\" data-background-color = \"\" title=\"View all posts in Reflexiones\"> Reflexiones<\/a>, <a href=\"https:\/\/mostazacomunicacion.com\/category\/transformacion\/\" style= \"color: ;\" data-background-color = \"\" title=\"View all posts in Transformaci\u00f3n\"> Transformaci\u00f3n<\/a><\/li>\n\t<\/ul>\n<\/nav><\/div>\n\t\t\t<\/div>\n\t\t\t<div class=\"clearfix\"><\/div>\n\t\t<\/div>\n\t<\/div>\n<\/article>\n\t\n<article id=\"post-12714\" class=\"element not-wide blog-post clearfix post-12714 post type-post status-publish format-standard has-post-thumbnail hentry category-agency category-business category-comunicacion category-entrevista category-exito-empresarial category-exito-empresarial-2 element not-wide\" style=\"margin-bottom: 20px !important;\">\n\t<div class=\"element-inner\" style=\"margin-left:20px\">\n\t\t<div class=\"post-content-wrap\">\n\t\t\t<div class=\"post-thumb\">\t\n\t<div class=\"\">        \t\n\t\t<a href=\"https:\/\/mostazacomunicacion.com\/en\/a-las-mujeres-nos-han-ensenado-a-ser-perfectas-yo-les-digo-que-sean-valientes-pero-no-perfectas\/\" class=\" thumb-wrap\">\n\t\t\t<img loading=\"lazy\" decoding=\"async\" width=\"771\" height=\"469\" src=\"https:\/\/mostazacomunicacion.com\/wp-content\/uploads\/2025\/02\/img_MarPorras.png\" class=\"attachment-blog-image size-blog-image wp-post-image\" alt=\"\" srcset=\"https:\/\/mostazacomunicacion.com\/wp-content\/uploads\/2025\/02\/img_MarPorras.png 771w, https:\/\/mostazacomunicacion.com\/wp-content\/uploads\/2025\/02\/img_MarPorras-300x182.png 300w, https:\/\/mostazacomunicacion.com\/wp-content\/uploads\/2025\/02\/img_MarPorras-768x467.png 768w, https:\/\/mostazacomunicacion.com\/wp-content\/uploads\/2025\/02\/img_MarPorras-82x50.png 82w, https:\/\/mostazacomunicacion.com\/wp-content\/uploads\/2025\/02\/img_MarPorras-650x395.png 650w, https:\/\/mostazacomunicacion.com\/wp-content\/uploads\/2025\/02\/img_MarPorras-50x30.png 50w\" sizes=\"auto, (max-width: 771px) 100vw, 771px\" \/>\t\t\t<div class=\"thumb-overlay\">\n\t\t\t\t<div class=\"thumb-bg\">\n\t\t\t\t\t<div class=\"thumb-title fadeIn animated\">\n\t\t\t\t\t\t<i class=\"portfolio-ovelay-icon\"><\/i>\n\t\t\t\t\t<\/div>\n\t\t\t\t<\/div>\n\t\t\t<\/div>\n\t\t<\/a>\n\t<\/div>\t\t\t\n<\/div>\n\t\t\t<div class=\"article-details clearfix\">\n\t\t\t\t<header class=\"post-header clearfix\">\n\t\t\t\t\t<h2 class=\"post-title\"><a href=\"https:\/\/mostazacomunicacion.com\/en\/a-las-mujeres-nos-han-ensenado-a-ser-perfectas-yo-les-digo-que-sean-valientes-pero-no-perfectas\/\">\u201cA las mujeres nos han ense\u00f1ado a ser perfectas. Yo les digo que sean valientes, pero no perfectas\u201d<\/a><\/h2>\t\t\t\t<\/header>\n\t\t\t\t\t\t\t\t\t<div class=\"post-top-details clearfix\"><nav class=\"post-nav meta-font secondary_text\">\n\t<ul class=\"clearfix\">\n\t\t<li class=\"post-meta post-comments\">\n\t\t\t<a href=\"https:\/\/mostazacomunicacion.com\/en\/a-las-mujeres-nos-han-ensenado-a-ser-perfectas-yo-les-digo-que-sean-valientes-pero-no-perfectas\/#respond\">0  comments<\/a><span class=\"post-meta-sep\">\/<\/span>\n\t\t<\/li>\n\t\t<li class=\"post-meta\">11 February, 2025<\/li>\n\t<\/ul>\n<\/nav><\/div>\n\t\t\t\t\t<div class=\"post-details clearfix\">\n\t\t\t\t\t\t<div class=\"post-content clearfix\">\n\t\t\t\t\t\t\t<p>Mar Porras, Marketing Manager de la compa\u00f1\u00eda multinacional Ricoh. Psic\u00f3loga de formaci\u00f3n, su carrera siempre ha estado vinculada con el entorno STEM, ocupando diferentes posiciones dentro del equipo de marketing de Ricoh durante m\u00e1s de 35 a\u00f1os y, desde 2012, como voluntaria en diferentes iniciativas STEM.<\/p>\n<p><a href=\"https:\/\/mostazacomunicacion.com\/en\/a-las-mujeres-nos-han-ensenado-a-ser-perfectas-yo-les-digo-que-sean-valientes-pero-no-perfectas\/\" class=\"more-link style1-button\">Read More<\/a><\/p>\t\t\t\t\t\t<\/div>\n\t\t\t\t\t<\/div>\n\t\t\t\t\t\t\t\t<div class=\"post-bottom-details clearfix\"><nav class=\"post-nav meta-font secondary_text\">\n\t<ul class=\"clearfix\">\t\n\t\t<li class=\"post-meta post-category\">Under :<a href=\"https:\/\/mostazacomunicacion.com\/category\/agency\/\" style= \"color: ;\" data-background-color = \"\" title=\"View all posts in Agency\"> Agency<\/a>, <a href=\"https:\/\/mostazacomunicacion.com\/category\/business\/\" style= \"color: ;\" data-background-color = \"\" title=\"View all posts in Business\"> Business<\/a>, <a href=\"https:\/\/mostazacomunicacion.com\/category\/comunicacion\/\" style= \"color: ;\" data-background-color = \"\" title=\"View all posts in Comunicaci\u00f3n\"> Comunicaci\u00f3n<\/a>, <a href=\"https:\/\/mostazacomunicacion.com\/category\/entrevista\/\" style= \"color: ;\" data-background-color = \"\" title=\"View all posts in entrevista\"> entrevista<\/a>, <a href=\"https:\/\/mostazacomunicacion.com\/category\/business\/exito-empresarial\/\" style= \"color: ;\" data-background-color = \"\" title=\"View all posts in \u00c9xito empresarial\"> \u00c9xito empresarial<\/a>, <a href=\"https:\/\/mostazacomunicacion.com\/category\/exito-empresarial-2\/\" style= \"color: ;\" data-background-color = \"\" title=\"View all posts in \u00c9xito empresarial\"> \u00c9xito empresarial<\/a><\/li>\n\t<\/ul>\n<\/nav><\/div>\n\t\t\t<\/div>\n\t\t\t<div class=\"clearfix\"><\/div>\n\t\t<\/div>\n\t<\/div>\n<\/article>\n\t\n<article id=\"post-12657\" class=\"element not-wide blog-post clearfix post-12657 post type-post status-publish format-standard has-post-thumbnail hentry category-agency category-business category-comunicacion category-entrevista category-exito-empresarial-2 category-exito-empresarial element not-wide\" style=\"margin-bottom: 20px !important;\">\n\t<div class=\"element-inner\" style=\"margin-left:20px\">\n\t\t<div class=\"post-content-wrap\">\n\t\t\t<div class=\"post-thumb\">\t\n\t<div class=\"\">        \t\n\t\t<a href=\"https:\/\/mostazacomunicacion.com\/en\/la-ia-transforma-el-futuro-del-cine-y-la-creatividad-audiovisual\/\" class=\" thumb-wrap\">\n\t\t\t<img loading=\"lazy\" decoding=\"async\" width=\"771\" height=\"469\" src=\"https:\/\/mostazacomunicacion.com\/wp-content\/uploads\/2024\/10\/img_AlbertVerges.png\" class=\"attachment-blog-image size-blog-image wp-post-image\" alt=\"\" srcset=\"https:\/\/mostazacomunicacion.com\/wp-content\/uploads\/2024\/10\/img_AlbertVerges.png 771w, https:\/\/mostazacomunicacion.com\/wp-content\/uploads\/2024\/10\/img_AlbertVerges-300x182.png 300w, https:\/\/mostazacomunicacion.com\/wp-content\/uploads\/2024\/10\/img_AlbertVerges-768x467.png 768w, https:\/\/mostazacomunicacion.com\/wp-content\/uploads\/2024\/10\/img_AlbertVerges-82x50.png 82w, https:\/\/mostazacomunicacion.com\/wp-content\/uploads\/2024\/10\/img_AlbertVerges-650x395.png 650w, https:\/\/mostazacomunicacion.com\/wp-content\/uploads\/2024\/10\/img_AlbertVerges-50x30.png 50w\" sizes=\"auto, (max-width: 771px) 100vw, 771px\" \/>\t\t\t<div class=\"thumb-overlay\">\n\t\t\t\t<div class=\"thumb-bg\">\n\t\t\t\t\t<div class=\"thumb-title fadeIn animated\">\n\t\t\t\t\t\t<i class=\"portfolio-ovelay-icon\"><\/i>\n\t\t\t\t\t<\/div>\n\t\t\t\t<\/div>\n\t\t\t<\/div>\n\t\t<\/a>\n\t<\/div>\t\t\t\n<\/div>\n\t\t\t<div class=\"article-details clearfix\">\n\t\t\t\t<header class=\"post-header clearfix\">\n\t\t\t\t\t<h2 class=\"post-title\"><a href=\"https:\/\/mostazacomunicacion.com\/en\/la-ia-transforma-el-futuro-del-cine-y-la-creatividad-audiovisual\/\">\u201cLa IA transforma el futuro del cine y la creatividad audiovisual\u201d<\/a><\/h2>\t\t\t\t<\/header>\n\t\t\t\t\t\t\t\t\t<div class=\"post-top-details clearfix\"><nav class=\"post-nav meta-font secondary_text\">\n\t<ul class=\"clearfix\">\n\t\t<li class=\"post-meta post-comments\">\n\t\t\t<a href=\"https:\/\/mostazacomunicacion.com\/en\/la-ia-transforma-el-futuro-del-cine-y-la-creatividad-audiovisual\/#respond\">0  comments<\/a><span class=\"post-meta-sep\">\/<\/span>\n\t\t<\/li>\n\t\t<li class=\"post-meta\">30 October, 2024<\/li>\n\t<\/ul>\n<\/nav><\/div>\n\t\t\t\t\t<div class=\"post-details clearfix\">\n\t\t\t\t\t\t<div class=\"post-content clearfix\">\n\t\t\t\t\t\t\t<p>Albert Verg\u00e9s es director de Sunomono Films, una productora audiovisual de Barcelona especializada en contenido que impulsa el negocio. Con m\u00e1s de 15 a\u00f1os de experiencia, combina su pasi\u00f3n por el arte, la tecnolog\u00eda y la comunicaci\u00f3n para conectar marcas y audiencias. Sunomono Films se destaca por su creatividad y recursos t\u00e9cnicos, trabajando en comunicaci\u00f3n interna, publicidad, video marketing y eventos. Su equipo utiliza inteligencia artificial generativa para ofrecer soluciones innovadoras y personalizadas, asegurando el \u00e9xito de cada proyecto.<\/p>\n<p><a href=\"https:\/\/mostazacomunicacion.com\/en\/la-ia-transforma-el-futuro-del-cine-y-la-creatividad-audiovisual\/\" class=\"more-link style1-button\">Read More<\/a><\/p>\t\t\t\t\t\t<\/div>\n\t\t\t\t\t<\/div>\n\t\t\t\t\t\t\t\t<div class=\"post-bottom-details clearfix\"><nav class=\"post-nav meta-font secondary_text\">\n\t<ul class=\"clearfix\">\t\n\t\t<li class=\"post-meta post-category\">Under :<a href=\"https:\/\/mostazacomunicacion.com\/category\/agency\/\" style= \"color: ;\" data-background-color = \"\" title=\"View all posts in Agency\"> Agency<\/a>, <a href=\"https:\/\/mostazacomunicacion.com\/category\/business\/\" style= \"color: ;\" data-background-color = \"\" title=\"View all posts in Business\"> Business<\/a>, <a href=\"https:\/\/mostazacomunicacion.com\/category\/comunicacion\/\" style= \"color: ;\" data-background-color = \"\" title=\"View all posts in Comunicaci\u00f3n\"> Comunicaci\u00f3n<\/a>, <a href=\"https:\/\/mostazacomunicacion.com\/category\/entrevista\/\" style= \"color: ;\" data-background-color = \"\" title=\"View all posts in entrevista\"> entrevista<\/a>, <a href=\"https:\/\/mostazacomunicacion.com\/category\/exito-empresarial-2\/\" style= \"color: ;\" data-background-color = \"\" title=\"View all posts in \u00c9xito empresarial\"> \u00c9xito empresarial<\/a>, <a href=\"https:\/\/mostazacomunicacion.com\/category\/business\/exito-empresarial\/\" style= \"color: ;\" data-background-color = \"\" title=\"View all posts in \u00c9xito empresarial\"> \u00c9xito empresarial<\/a><\/li>\n\t<\/ul>\n<\/nav><\/div>\n\t\t\t<\/div>\n\t\t\t<div class=\"clearfix\"><\/div>\n\t\t<\/div>\n\t<\/div>\n<\/article>\n\t\n<article id=\"post-12634\" class=\"element not-wide blog-post clearfix post-12634 post type-post status-publish format-standard has-post-thumbnail hentry category-agency category-business category-comunicacion category-entrevista category-exito-empresarial-2 category-exito-empresarial element not-wide\" style=\"margin-bottom: 20px !important;\">\n\t<div class=\"element-inner\" style=\"margin-left:20px\">\n\t\t<div class=\"post-content-wrap\">\n\t\t\t<div class=\"post-thumb\">\t\n\t<div class=\"\">        \t\n\t\t<a href=\"https:\/\/mostazacomunicacion.com\/en\/la-clave-es-crear-una-cultura-donde-la-sostenibilidad-este-presente-en-cada-decision\/\" class=\" thumb-wrap\">\n\t\t\t<img loading=\"lazy\" decoding=\"async\" width=\"771\" height=\"469\" src=\"https:\/\/mostazacomunicacion.com\/wp-content\/uploads\/2024\/09\/img_MartaColomer.png\" class=\"attachment-blog-image size-blog-image wp-post-image\" alt=\"\" srcset=\"https:\/\/mostazacomunicacion.com\/wp-content\/uploads\/2024\/09\/img_MartaColomer.png 771w, https:\/\/mostazacomunicacion.com\/wp-content\/uploads\/2024\/09\/img_MartaColomer-300x182.png 300w, https:\/\/mostazacomunicacion.com\/wp-content\/uploads\/2024\/09\/img_MartaColomer-768x467.png 768w, https:\/\/mostazacomunicacion.com\/wp-content\/uploads\/2024\/09\/img_MartaColomer-82x50.png 82w, https:\/\/mostazacomunicacion.com\/wp-content\/uploads\/2024\/09\/img_MartaColomer-650x395.png 650w, https:\/\/mostazacomunicacion.com\/wp-content\/uploads\/2024\/09\/img_MartaColomer-50x30.png 50w\" sizes=\"auto, (max-width: 771px) 100vw, 771px\" \/>\t\t\t<div class=\"thumb-overlay\">\n\t\t\t\t<div class=\"thumb-bg\">\n\t\t\t\t\t<div class=\"thumb-title fadeIn animated\">\n\t\t\t\t\t\t<i class=\"portfolio-ovelay-icon\"><\/i>\n\t\t\t\t\t<\/div>\n\t\t\t\t<\/div>\n\t\t\t<\/div>\n\t\t<\/a>\n\t<\/div>\t\t\t\n<\/div>\n\t\t\t<div class=\"article-details clearfix\">\n\t\t\t\t<header class=\"post-header clearfix\">\n\t\t\t\t\t<h2 class=\"post-title\"><a href=\"https:\/\/mostazacomunicacion.com\/en\/la-clave-es-crear-una-cultura-donde-la-sostenibilidad-este-presente-en-cada-decision\/\">\u201cLa clave es crear una cultura donde la sostenibilidad est\u00e9 presente en cada decisi\u00f3n\u201d<\/a><\/h2>\t\t\t\t<\/header>\n\t\t\t\t\t\t\t\t\t<div class=\"post-top-details clearfix\"><nav class=\"post-nav meta-font secondary_text\">\n\t<ul class=\"clearfix\">\n\t\t<li class=\"post-meta post-comments\">\n\t\t\t<a href=\"https:\/\/mostazacomunicacion.com\/en\/la-clave-es-crear-una-cultura-donde-la-sostenibilidad-este-presente-en-cada-decision\/#respond\">0  comments<\/a><span class=\"post-meta-sep\">\/<\/span>\n\t\t<\/li>\n\t\t<li class=\"post-meta\">30 September, 2024<\/li>\n\t<\/ul>\n<\/nav><\/div>\n\t\t\t\t\t<div class=\"post-details clearfix\">\n\t\t\t\t\t\t<div class=\"post-content clearfix\">\n\t\t\t\t\t\t\t<p>Marta Colomer lidera el \u00e1rea de Asuntos P\u00fablicos y Sostenibilidad en Idilia Foods. Licenciada en Ciencias Econ\u00f3micas por la Universidad Aut\u00f3noma de Barcelona, tiene una s\u00f3lida trayectoria en marketing en empresas como Bayer y Danone. Desde 1998 hasta 2017, dirigi\u00f3 el \u00e1rea de marketing en Nutrexpa, y ahora impulsa el crecimiento de marcas comprometidas con el consumidor y la sostenibilidad. <\/p>\n<p><a href=\"https:\/\/mostazacomunicacion.com\/en\/la-clave-es-crear-una-cultura-donde-la-sostenibilidad-este-presente-en-cada-decision\/\" class=\"more-link style1-button\">Read More<\/a><\/p>\t\t\t\t\t\t<\/div>\n\t\t\t\t\t<\/div>\n\t\t\t\t\t\t\t\t<div class=\"post-bottom-details clearfix\"><nav class=\"post-nav meta-font secondary_text\">\n\t<ul class=\"clearfix\">\t\n\t\t<li class=\"post-meta post-category\">Under :<a href=\"https:\/\/mostazacomunicacion.com\/category\/agency\/\" style= \"color: ;\" data-background-color = \"\" title=\"View all posts in Agency\"> Agency<\/a>, <a href=\"https:\/\/mostazacomunicacion.com\/category\/business\/\" style= \"color: ;\" data-background-color = \"\" title=\"View all posts in Business\"> Business<\/a>, <a href=\"https:\/\/mostazacomunicacion.com\/category\/comunicacion\/\" style= \"color: ;\" data-background-color = \"\" title=\"View all posts in Comunicaci\u00f3n\"> Comunicaci\u00f3n<\/a>, <a href=\"https:\/\/mostazacomunicacion.com\/category\/entrevista\/\" style= \"color: ;\" data-background-color = \"\" title=\"View all posts in entrevista\"> entrevista<\/a>, <a href=\"https:\/\/mostazacomunicacion.com\/category\/exito-empresarial-2\/\" style= \"color: ;\" data-background-color = \"\" title=\"View all posts in \u00c9xito empresarial\"> \u00c9xito empresarial<\/a>, <a href=\"https:\/\/mostazacomunicacion.com\/category\/business\/exito-empresarial\/\" style= \"color: ;\" data-background-color = \"\" title=\"View all posts in \u00c9xito empresarial\"> \u00c9xito empresarial<\/a><\/li>\n\t<\/ul>\n<\/nav><\/div>\n\t\t\t<\/div>\n\t\t\t<div class=\"clearfix\"><\/div>\n\t\t<\/div>\n\t<\/div>\n<\/article>\n\t\n<article id=\"post-12587\" class=\"element not-wide blog-post clearfix post-12587 post type-post status-publish format-standard has-post-thumbnail hentry category-agency category-business category-comunicacion category-entrevista category-exito-empresarial category-exito-empresarial-2 element not-wide\" style=\"margin-bottom: 20px !important;\">\n\t<div class=\"element-inner\" style=\"margin-left:20px\">\n\t\t<div class=\"post-content-wrap\">\n\t\t\t<div class=\"post-thumb\">\t\n\t<div class=\"\">        \t\n\t\t<a href=\"https:\/\/mostazacomunicacion.com\/en\/la-diversidad-generacional-enriquece-nuestra-perspectiva-y-nos-ensena-a-salir-del-yo\/\" class=\" thumb-wrap\">\n\t\t\t<img loading=\"lazy\" decoding=\"async\" width=\"1160\" height=\"700\" src=\"https:\/\/mostazacomunicacion.com\/wp-content\/uploads\/2024\/06\/img_paula_heidi_red-1160x700.jpg\" class=\"attachment-blog-image size-blog-image wp-post-image\" alt=\"\" \/>\t\t\t<div class=\"thumb-overlay\">\n\t\t\t\t<div class=\"thumb-bg\">\n\t\t\t\t\t<div class=\"thumb-title fadeIn animated\">\n\t\t\t\t\t\t<i class=\"portfolio-ovelay-icon\"><\/i>\n\t\t\t\t\t<\/div>\n\t\t\t\t<\/div>\n\t\t\t<\/div>\n\t\t<\/a>\n\t<\/div>\t\t\t\n<\/div>\n\t\t\t<div class=\"article-details clearfix\">\n\t\t\t\t<header class=\"post-header clearfix\">\n\t\t\t\t\t<h2 class=\"post-title\"><a href=\"https:\/\/mostazacomunicacion.com\/en\/la-diversidad-generacional-enriquece-nuestra-perspectiva-y-nos-ensena-a-salir-del-yo\/\">\u201cLa diversidad generacional enriquece nuestra perspectiva y nos ense\u00f1a a salir del \u2018yo\u2019\u201d<\/a><\/h2>\t\t\t\t<\/header>\n\t\t\t\t\t\t\t\t\t<div class=\"post-top-details clearfix\"><nav class=\"post-nav meta-font secondary_text\">\n\t<ul class=\"clearfix\">\n\t\t<li class=\"post-meta post-comments\">\n\t\t\t<a href=\"https:\/\/mostazacomunicacion.com\/en\/la-diversidad-generacional-enriquece-nuestra-perspectiva-y-nos-ensena-a-salir-del-yo\/#respond\">0  comments<\/a><span class=\"post-meta-sep\">\/<\/span>\n\t\t<\/li>\n\t\t<li class=\"post-meta\">26 June, 2024<\/li>\n\t<\/ul>\n<\/nav><\/div>\n\t\t\t\t\t<div class=\"post-details clearfix\">\n\t\t\t\t\t\t<div class=\"post-content clearfix\">\n\t\t\t\t\t\t\t<p>Paula y Heidi representan las dos caras de una misma moneda. En esta entrevista, ambas nos cuentan c\u00f3mo han encontrado en la comunicaci\u00f3n interna una pasi\u00f3n compartida, y c\u00f3mo sus diferentes edades aportan perspectivas \u00fanicas y valiosas al equipo de Mostaza Comunicaci\u00f3n.<\/p>\n<p><a href=\"https:\/\/mostazacomunicacion.com\/en\/la-diversidad-generacional-enriquece-nuestra-perspectiva-y-nos-ensena-a-salir-del-yo\/\" class=\"more-link style1-button\">Read More<\/a><\/p>\t\t\t\t\t\t<\/div>\n\t\t\t\t\t<\/div>\n\t\t\t\t\t\t\t\t<div class=\"post-bottom-details clearfix\"><nav class=\"post-nav meta-font secondary_text\">\n\t<ul class=\"clearfix\">\t\n\t\t<li class=\"post-meta post-category\">Under :<a href=\"https:\/\/mostazacomunicacion.com\/category\/agency\/\" style= \"color: ;\" data-background-color = \"\" title=\"View all posts in Agency\"> Agency<\/a>, <a href=\"https:\/\/mostazacomunicacion.com\/category\/business\/\" style= \"color: ;\" data-background-color = \"\" title=\"View all posts in Business\"> Business<\/a>, <a href=\"https:\/\/mostazacomunicacion.com\/category\/comunicacion\/\" style= \"color: ;\" data-background-color = \"\" title=\"View all posts in Comunicaci\u00f3n\"> Comunicaci\u00f3n<\/a>, <a href=\"https:\/\/mostazacomunicacion.com\/category\/entrevista\/\" style= \"color: ;\" data-background-color = \"\" title=\"View all posts in entrevista\"> entrevista<\/a>, <a href=\"https:\/\/mostazacomunicacion.com\/category\/business\/exito-empresarial\/\" style= \"color: ;\" data-background-color = \"\" title=\"View all posts in \u00c9xito empresarial\"> \u00c9xito empresarial<\/a>, <a href=\"https:\/\/mostazacomunicacion.com\/category\/exito-empresarial-2\/\" style= \"color: ;\" data-background-color = \"\" title=\"View all posts in \u00c9xito empresarial\"> \u00c9xito empresarial<\/a><\/li>\n\t<\/ul>\n<\/nav><\/div>\n\t\t\t<\/div>\n\t\t\t<div class=\"clearfix\"><\/div>\n\t\t<\/div>\n\t<\/div>\n<\/article>\n\t\n<article id=\"post-12549\" class=\"element not-wide blog-post clearfix post-12549 post type-post status-publish format-standard has-post-thumbnail hentry category-agency category-business category-comunicacion category-entrevista category-exito-empresarial-2 category-exito-empresarial element not-wide\" style=\"margin-bottom: 20px !important;\">\n\t<div class=\"element-inner\" style=\"margin-left:20px\">\n\t\t<div class=\"post-content-wrap\">\n\t\t\t<div class=\"post-thumb\">\t\n\t<div class=\"\">        \t\n\t\t<a href=\"https:\/\/mostazacomunicacion.com\/en\/la-creatividad-es-fundamental-para-la-comunicacion-interna\/\" class=\" thumb-wrap\">\n\t\t\t<img loading=\"lazy\" decoding=\"async\" width=\"1160\" height=\"700\" src=\"https:\/\/mostazacomunicacion.com\/wp-content\/uploads\/2024\/05\/edu_iban_garcias-min-1160x700.png\" class=\"attachment-blog-image size-blog-image wp-post-image\" alt=\"\" srcset=\"https:\/\/mostazacomunicacion.com\/wp-content\/uploads\/2024\/05\/edu_iban_garcias-min-1160x700.png 1160w, https:\/\/mostazacomunicacion.com\/wp-content\/uploads\/2024\/05\/edu_iban_garcias-min-300x182.png 300w, https:\/\/mostazacomunicacion.com\/wp-content\/uploads\/2024\/05\/edu_iban_garcias-min-83x50.png 83w, https:\/\/mostazacomunicacion.com\/wp-content\/uploads\/2024\/05\/edu_iban_garcias-min-50x30.png 50w\" sizes=\"auto, (max-width: 1160px) 100vw, 1160px\" \/>\t\t\t<div class=\"thumb-overlay\">\n\t\t\t\t<div class=\"thumb-bg\">\n\t\t\t\t\t<div class=\"thumb-title fadeIn animated\">\n\t\t\t\t\t\t<i class=\"portfolio-ovelay-icon\"><\/i>\n\t\t\t\t\t<\/div>\n\t\t\t\t<\/div>\n\t\t\t<\/div>\n\t\t<\/a>\n\t<\/div>\t\t\t\n<\/div>\n\t\t\t<div class=\"article-details clearfix\">\n\t\t\t\t<header class=\"post-header clearfix\">\n\t\t\t\t\t<h2 class=\"post-title\"><a href=\"https:\/\/mostazacomunicacion.com\/en\/la-creatividad-es-fundamental-para-la-comunicacion-interna\/\">\u201cLa creatividad es fundamental para la comunicaci\u00f3n interna\u201d<\/a><\/h2>\t\t\t\t<\/header>\n\t\t\t\t\t\t\t\t\t<div class=\"post-top-details clearfix\"><nav class=\"post-nav meta-font secondary_text\">\n\t<ul class=\"clearfix\">\n\t\t<li class=\"post-meta post-comments\">\n\t\t\t<a href=\"https:\/\/mostazacomunicacion.com\/en\/la-creatividad-es-fundamental-para-la-comunicacion-interna\/#respond\">0  comments<\/a><span class=\"post-meta-sep\">\/<\/span>\n\t\t<\/li>\n\t\t<li class=\"post-meta\">30 May, 2024<\/li>\n\t<\/ul>\n<\/nav><\/div>\n\t\t\t\t\t<div class=\"post-details clearfix\">\n\t\t\t\t\t\t<div class=\"post-content clearfix\">\n\t\t\t\t\t\t\t<p>\u201cLos Garc\u00edas\u201d, Edu e Iban, forman parte del equipo creativo de Mostaza Comunicaci\u00f3n. Ambos dise\u00f1adores nos cuentan c\u00f3mo llegaron al campo de la comunicaci\u00f3n interna por casualidad y c\u00f3mo han encontrado en este \u00e1mbito una forma de desarrollar y expresar su creatividad. Hablamos de sus trabajos, el poder de la inteligencia artificial y la importancia del trabajo en equipo. <\/p>\n<p><a href=\"https:\/\/mostazacomunicacion.com\/en\/la-creatividad-es-fundamental-para-la-comunicacion-interna\/\" class=\"more-link style1-button\">Read More<\/a><\/p>\t\t\t\t\t\t<\/div>\n\t\t\t\t\t<\/div>\n\t\t\t\t\t\t\t\t<div class=\"post-bottom-details clearfix\"><nav class=\"post-nav meta-font secondary_text\">\n\t<ul class=\"clearfix\">\t\n\t\t<li class=\"post-meta post-category\">Under :<a href=\"https:\/\/mostazacomunicacion.com\/category\/agency\/\" style= \"color: ;\" data-background-color = \"\" title=\"View all posts in Agency\"> Agency<\/a>, <a href=\"https:\/\/mostazacomunicacion.com\/category\/business\/\" style= \"color: ;\" data-background-color = \"\" title=\"View all posts in Business\"> Business<\/a>, <a href=\"https:\/\/mostazacomunicacion.com\/category\/comunicacion\/\" style= \"color: ;\" data-background-color = \"\" title=\"View all posts in Comunicaci\u00f3n\"> Comunicaci\u00f3n<\/a>, <a href=\"https:\/\/mostazacomunicacion.com\/category\/entrevista\/\" style= \"color: ;\" data-background-color = \"\" title=\"View all posts in entrevista\"> entrevista<\/a>, <a href=\"https:\/\/mostazacomunicacion.com\/category\/exito-empresarial-2\/\" style= \"color: ;\" data-background-color = \"\" title=\"View all posts in \u00c9xito empresarial\"> \u00c9xito empresarial<\/a>, <a href=\"https:\/\/mostazacomunicacion.com\/category\/business\/exito-empresarial\/\" style= \"color: ;\" data-background-color = \"\" title=\"View all posts in \u00c9xito empresarial\"> \u00c9xito empresarial<\/a><\/li>\n\t<\/ul>\n<\/nav><\/div>\n\t\t\t<\/div>\n\t\t\t<div class=\"clearfix\"><\/div>\n\t\t<\/div>\n\t<\/div>\n<\/article>\n<\/div><div class=\"pagination_parent\" style=\"margin-left: 20px\"><div class=\"pagination secondary_text\"><span class='current alt-bg alt-bg-text-color'>1<\/span><a href='https:\/\/mostazacomunicacion.com\/en\/wp-json\/wp\/v2\/pages\/9523\/page\/2\/' class='inactive sec-bg sec-color' >2<\/a><a href='https:\/\/mostazacomunicacion.com\/en\/wp-json\/wp\/v2\/pages\/9523\/page\/3\/' class='inactive sec-bg sec-color' >3<\/a><a href='https:\/\/mostazacomunicacion.com\/en\/wp-json\/wp\/v2\/pages\/9523\/page\/4\/' class='inactive sec-bg sec-color' >4<\/a><a href='https:\/\/mostazacomunicacion.com\/en\/wp-json\/wp\/v2\/pages\/9523\/page\/5\/' class='inactive sec-bg sec-color' >5<\/a><a href='https:\/\/mostazacomunicacion.com\/en\/wp-json\/wp\/v2\/pages\/9523\/page\/6\/' class='inactive sec-bg sec-color' >6<\/a><\/div>\n<\/div><\/div><\/div><\/div><\/div><div class = \"tatsu-column-bg-image-wrap\"><div class = \"tatsu-column-bg-image\" ><\/div><\/div><div class=\"tatsu-overlay tatsu-column-overlay tatsu-animate-none\" ><\/div><\/div><style>.tatsu-row > .tatsu-rylquc92cO.tatsu-column{width: 100%;}.tatsu-rylquc92cO.tatsu-column > .tatsu-column-inner > .tatsu-column-overlay{mix-blend-mode: normal;}.tatsu-rylquc92cO > .tatsu-column-inner > .tatsu-top-divider{z-index: 9999;}.tatsu-rylquc92cO > .tatsu-column-inner > .tatsu-bottom-divider{z-index: 9999;}.tatsu-rylquc92cO > .tatsu-column-inner > .tatsu-left-divider{z-index: 9999;}.tatsu-rylquc92cO > .tatsu-column-inner > .tatsu-right-divider{z-index: 9999;}@media only screen and (max-width:1377px) {.tatsu-row > .tatsu-rylquc92cO.tatsu-column{width: 100%;}}@media only screen and (min-width:768px) and (max-width: 1024px) {.tatsu-row > .tatsu-rylquc92cO.tatsu-column{width: 100%;}}@media only screen and (max-width: 767px) {.tatsu-row > .tatsu-rylquc92cO.tatsu-column{width: 100%;}}<\/style><\/div><\/div><\/div><\/div><div class=\"tatsu-section-background-wrap\"><div class = \"tatsu-section-background\" ><\/div><\/div><div class=\"tatsu-overlay tatsu-section-overlay\"><\/div><style>.tatsu-HybWhZjo5O.tatsu-section{background-color: rgba(0,0,0,1);}.tatsu-HybWhZjo5O .tatsu-section-pad{padding: 240px 0px 90px 0px;}.tatsu-HybWhZjo5O .tatsu-section-offset-wrap{transform: translateY(-0px);}.tatsu-HybWhZjo5O > .tatsu-bottom-divider{z-index: 9999;}.tatsu-HybWhZjo5O > .tatsu-top-divider{z-index: 9999;}.tatsu-HybWhZjo5O .tatsu-section-overlay{mix-blend-mode: normal;}<\/style><\/div>\n","protected":false},"excerpt":{"rendered":"<p><a href=\"https:\/\/mostazacomunicacion.com\/en\/la-creatividad-es-fundamental-para-la-comunicacion-interna\/\" class=\"more-link style1-button\">Read More<\/a><\/p>","protected":false},"author":1,"featured_media":0,"parent":0,"menu_order":0,"comment_status":"closed","ping_status":"closed","template":"","meta":{"footnotes":""},"class_list":["post-9523","page","type-page","status-publish","hentry"],"yoast_head":"<!-- This site is optimized with the Yoast SEO plugin v27.5 - https:\/\/yoast.com\/product\/yoast-seo-wordpress\/ -->\n<title>Blog comunicaci\u00f3n interna y transformaci\u00f3n - Mostaza Comunicaci\u00f3n<\/title>\n<meta name=\"description\" content=\"Accede a nuestro blog y encuentra art\u00edculos sobre comunicaci\u00f3n interna, tendencias en comunicaci\u00f3n y transformaci\u00f3n de organizaciones.\" \/>\n<meta name=\"robots\" content=\"index, follow, max-snippet:-1, max-image-preview:large, max-video-preview:-1\" \/>\n<link rel=\"canonical\" href=\"https:\/\/mostazacomunicacion.com\/en\/blog\/\" \/>\n<meta property=\"og:locale\" content=\"en_US\" \/>\n<meta property=\"og:type\" content=\"article\" \/>\n<meta property=\"og:title\" content=\"Blog comunicaci\u00f3n interna y transformaci\u00f3n - Mostaza Comunicaci\u00f3n\" \/>\n<meta property=\"og:description\" content=\"Accede a nuestro blog y encuentra art\u00edculos sobre comunicaci\u00f3n interna, tendencias en comunicaci\u00f3n y transformaci\u00f3n de organizaciones.\" \/>\n<meta property=\"og:url\" content=\"https:\/\/mostazacomunicacion.com\/en\/blog\/\" \/>\n<meta property=\"og:site_name\" content=\"Mostaza Comunicaci\u00f3n\" \/>\n<meta property=\"article:publisher\" content=\"https:\/\/www.facebook.com\/agenciamostazacomunicacion\/\" \/>\n<meta property=\"article:modified_time\" content=\"2022-09-23T12:41:34+00:00\" \/>\n<meta name=\"twitter:card\" content=\"summary_large_image\" \/>\n<meta name=\"twitter:site\" content=\"@mostaza\" \/>\n<script type=\"application\/ld+json\" class=\"yoast-schema-graph\">{\"@context\":\"https:\\\/\\\/schema.org\",\"@graph\":[{\"@type\":\"WebPage\",\"@id\":\"https:\\\/\\\/mostazacomunicacion.com\\\/en\\\/blog\\\/\",\"url\":\"https:\\\/\\\/mostazacomunicacion.com\\\/en\\\/blog\\\/\",\"name\":\"Blog comunicaci\u00f3n interna y transformaci\u00f3n - Mostaza Comunicaci\u00f3n\",\"isPartOf\":{\"@id\":\"https:\\\/\\\/mostazacomunicacion.com\\\/#website\"},\"datePublished\":\"2021-06-07T13:38:16+00:00\",\"dateModified\":\"2022-09-23T12:41:34+00:00\",\"description\":\"Accede a nuestro blog y encuentra art\u00edculos sobre comunicaci\u00f3n interna, tendencias en comunicaci\u00f3n y transformaci\u00f3n de organizaciones.\",\"breadcrumb\":{\"@id\":\"https:\\\/\\\/mostazacomunicacion.com\\\/en\\\/blog\\\/#breadcrumb\"},\"inLanguage\":\"en-US\",\"potentialAction\":[{\"@type\":\"ReadAction\",\"target\":[\"https:\\\/\\\/mostazacomunicacion.com\\\/en\\\/blog\\\/\"]}]},{\"@type\":\"BreadcrumbList\",\"@id\":\"https:\\\/\\\/mostazacomunicacion.com\\\/en\\\/blog\\\/#breadcrumb\",\"itemListElement\":[{\"@type\":\"ListItem\",\"position\":1,\"name\":\"Portada\",\"item\":\"https:\\\/\\\/mostazacomunicacion.com\\\/en\\\/\"},{\"@type\":\"ListItem\",\"position\":2,\"name\":\"Blog\"}]},{\"@type\":\"WebSite\",\"@id\":\"https:\\\/\\\/mostazacomunicacion.com\\\/#website\",\"url\":\"https:\\\/\\\/mostazacomunicacion.com\\\/\",\"name\":\"Mostaza Comunicaci\u00f3n\",\"description\":\"Agencia de Comunicaci\u00f3n interna en Barcelona. Movilizamos a las personas para acelerar los procesos de transformaci\u00f3n mejorando la experiencia de cliente. Somos la agencia de comunicaci\u00f3n de referencia cuando una empresa se encuentra en proceso de transformaci\u00f3n.\",\"publisher\":{\"@id\":\"https:\\\/\\\/mostazacomunicacion.com\\\/#organization\"},\"potentialAction\":[{\"@type\":\"SearchAction\",\"target\":{\"@type\":\"EntryPoint\",\"urlTemplate\":\"https:\\\/\\\/mostazacomunicacion.com\\\/?s={search_term_string}\"},\"query-input\":{\"@type\":\"PropertyValueSpecification\",\"valueRequired\":true,\"valueName\":\"search_term_string\"}}],\"inLanguage\":\"en-US\"},{\"@type\":\"Organization\",\"@id\":\"https:\\\/\\\/mostazacomunicacion.com\\\/#organization\",\"name\":\"Mostaza Comunicacion\",\"url\":\"https:\\\/\\\/mostazacomunicacion.com\\\/\",\"logo\":{\"@type\":\"ImageObject\",\"inLanguage\":\"en-US\",\"@id\":\"https:\\\/\\\/mostazacomunicacion.com\\\/#\\\/schema\\\/logo\\\/image\\\/\",\"url\":\"https:\\\/\\\/mostazacomunicacion.com\\\/wp-content\\\/uploads\\\/2015\\\/04\\\/mostaza_c2001.png\",\"contentUrl\":\"https:\\\/\\\/mostazacomunicacion.com\\\/wp-content\\\/uploads\\\/2015\\\/04\\\/mostaza_c2001.png\",\"width\":200,\"height\":47,\"caption\":\"Mostaza Comunicacion\"},\"image\":{\"@id\":\"https:\\\/\\\/mostazacomunicacion.com\\\/#\\\/schema\\\/logo\\\/image\\\/\"},\"sameAs\":[\"https:\\\/\\\/www.facebook.com\\\/agenciamostazacomunicacion\\\/\",\"https:\\\/\\\/x.com\\\/mostaza\",\"https:\\\/\\\/www.instagram.com\\\/mostazac\\\/\",\"https:\\\/\\\/www.linkedin.com\\\/company\\\/mostaza-comunicaci-n\\\/\",\"https:\\\/\\\/www.pinterest.es\\\/mostazac\\\/\"]}]}<\/script>\n<!-- \/ Yoast SEO plugin. -->","yoast_head_json":{"title":"Blog comunicaci\u00f3n interna y transformaci\u00f3n - Mostaza Comunicaci\u00f3n","description":"Accede a nuestro blog y encuentra art\u00edculos sobre comunicaci\u00f3n interna, tendencias en comunicaci\u00f3n y transformaci\u00f3n de organizaciones.","robots":{"index":"index","follow":"follow","max-snippet":"max-snippet:-1","max-image-preview":"max-image-preview:large","max-video-preview":"max-video-preview:-1"},"canonical":"https:\/\/mostazacomunicacion.com\/en\/blog\/","og_locale":"en_US","og_type":"article","og_title":"Blog comunicaci\u00f3n interna y transformaci\u00f3n - Mostaza Comunicaci\u00f3n","og_description":"Accede a nuestro blog y encuentra art\u00edculos sobre comunicaci\u00f3n interna, tendencias en comunicaci\u00f3n y transformaci\u00f3n de organizaciones.","og_url":"https:\/\/mostazacomunicacion.com\/en\/blog\/","og_site_name":"Mostaza Comunicaci\u00f3n","article_publisher":"https:\/\/www.facebook.com\/agenciamostazacomunicacion\/","article_modified_time":"2022-09-23T12:41:34+00:00","twitter_card":"summary_large_image","twitter_site":"@mostaza","schema":{"@context":"https:\/\/schema.org","@graph":[{"@type":"WebPage","@id":"https:\/\/mostazacomunicacion.com\/en\/blog\/","url":"https:\/\/mostazacomunicacion.com\/en\/blog\/","name":"Blog comunicaci\u00f3n interna y transformaci\u00f3n - Mostaza Comunicaci\u00f3n","isPartOf":{"@id":"https:\/\/mostazacomunicacion.com\/#website"},"datePublished":"2021-06-07T13:38:16+00:00","dateModified":"2022-09-23T12:41:34+00:00","description":"Accede a nuestro blog y encuentra art\u00edculos sobre comunicaci\u00f3n interna, tendencias en comunicaci\u00f3n y transformaci\u00f3n de organizaciones.","breadcrumb":{"@id":"https:\/\/mostazacomunicacion.com\/en\/blog\/#breadcrumb"},"inLanguage":"en-US","potentialAction":[{"@type":"ReadAction","target":["https:\/\/mostazacomunicacion.com\/en\/blog\/"]}]},{"@type":"BreadcrumbList","@id":"https:\/\/mostazacomunicacion.com\/en\/blog\/#breadcrumb","itemListElement":[{"@type":"ListItem","position":1,"name":"Portada","item":"https:\/\/mostazacomunicacion.com\/en\/"},{"@type":"ListItem","position":2,"name":"Blog"}]},{"@type":"WebSite","@id":"https:\/\/mostazacomunicacion.com\/#website","url":"https:\/\/mostazacomunicacion.com\/","name":"Mostaza Comunicaci\u00f3n","description":"Agencia de Comunicaci\u00f3n interna en Barcelona. Movilizamos a las personas para acelerar los procesos de transformaci\u00f3n mejorando la experiencia de cliente. Somos la agencia de comunicaci\u00f3n de referencia cuando una empresa se encuentra en proceso de transformaci\u00f3n.","publisher":{"@id":"https:\/\/mostazacomunicacion.com\/#organization"},"potentialAction":[{"@type":"SearchAction","target":{"@type":"EntryPoint","urlTemplate":"https:\/\/mostazacomunicacion.com\/?s={search_term_string}"},"query-input":{"@type":"PropertyValueSpecification","valueRequired":true,"valueName":"search_term_string"}}],"inLanguage":"en-US"},{"@type":"Organization","@id":"https:\/\/mostazacomunicacion.com\/#organization","name":"Mostaza Comunicacion","url":"https:\/\/mostazacomunicacion.com\/","logo":{"@type":"ImageObject","inLanguage":"en-US","@id":"https:\/\/mostazacomunicacion.com\/#\/schema\/logo\/image\/","url":"https:\/\/mostazacomunicacion.com\/wp-content\/uploads\/2015\/04\/mostaza_c2001.png","contentUrl":"https:\/\/mostazacomunicacion.com\/wp-content\/uploads\/2015\/04\/mostaza_c2001.png","width":200,"height":47,"caption":"Mostaza Comunicacion"},"image":{"@id":"https:\/\/mostazacomunicacion.com\/#\/schema\/logo\/image\/"},"sameAs":["https:\/\/www.facebook.com\/agenciamostazacomunicacion\/","https:\/\/x.com\/mostaza","https:\/\/www.instagram.com\/mostazac\/","https:\/\/www.linkedin.com\/company\/mostaza-comunicaci-n\/","https:\/\/www.pinterest.es\/mostazac\/"]}]}},"_links":{"self":[{"href":"https:\/\/mostazacomunicacion.com\/en\/wp-json\/wp\/v2\/pages\/9523","targetHints":{"allow":["GET"]}}],"collection":[{"href":"https:\/\/mostazacomunicacion.com\/en\/wp-json\/wp\/v2\/pages"}],"about":[{"href":"https:\/\/mostazacomunicacion.com\/en\/wp-json\/wp\/v2\/types\/page"}],"author":[{"embeddable":true,"href":"https:\/\/mostazacomunicacion.com\/en\/wp-json\/wp\/v2\/users\/1"}],"replies":[{"embeddable":true,"href":"https:\/\/mostazacomunicacion.com\/en\/wp-json\/wp\/v2\/comments?post=9523"}],"version-history":[{"count":7,"href":"https:\/\/mostazacomunicacion.com\/en\/wp-json\/wp\/v2\/pages\/9523\/revisions"}],"predecessor-version":[{"id":9812,"href":"https:\/\/mostazacomunicacion.com\/en\/wp-json\/wp\/v2\/pages\/9523\/revisions\/9812"}],"wp:attachment":[{"href":"https:\/\/mostazacomunicacion.com\/en\/wp-json\/wp\/v2\/media?parent=9523"}],"curies":[{"name":"wp","href":"https:\/\/api.w.org\/{rel}","templated":true}]}}